{"id":2408,"date":"2026-03-07T11:26:54","date_gmt":"2026-03-07T11:26:54","guid":{"rendered":"https:\/\/www.cmsoledadedeminas.mg.gov.br\/v1\/?page_id=2408"},"modified":"2026-04-06T23:36:06","modified_gmt":"2026-04-06T23:36:06","slug":"atas-2025","status":"publish","type":"page","link":"https:\/\/www.cmsoledadedeminas.mg.gov.br\/v1\/documentos\/atas-2025\/","title":{"rendered":"Atas &#8211; 2025"},"content":{"rendered":"\t\t<div data-elementor-type=\"wp-page\" data-elementor-id=\"2408\" class=\"elementor elementor-2408\">\n\t\t\t\t\t\t<section class=\"has-el-gap el-gap-default elementor-section elementor-top-section elementor-element elementor-element-6da2818f elementor-section-boxed elementor-section-height-default elementor-section-height-default\" data-id=\"6da2818f\" data-element_type=\"section\">\n\t\t\t\t\t\t<div class=\"elementor-container elementor-column-gap-no\">\n\t\t\t\t\t<div class=\"elementor-column elementor-col-100 elementor-top-column elementor-element elementor-element-39e46e89\" data-id=\"39e46e89\" data-element_type=\"column\">\n\t\t\t<div class=\"elementor-widget-wrap elementor-element-populated\">\n\t\t\t\t\t\t<div class=\"elementor-element elementor-element-a863809 elementor-widget elementor-widget-smartmag-breadcrumbs\" data-id=\"a863809\" data-element_type=\"widget\" data-widget_type=\"smartmag-breadcrumbs.default\">\n\t\t\t\t<div class=\"elementor-widget-container\">\n\t\t\t\t\t<nav class=\"breadcrumbs ts-contain breadcrumbs-a\" id=\"breadcrumb\"><div class=\"inner ts-contain \"><span class=\"current\">Home<\/span><\/div><\/nav>\t\t\t\t<\/div>\n\t\t\t\t<\/div>\n\t\t\t\t\t<\/div>\n\t\t<\/div>\n\t\t\t\t\t<\/div>\n\t\t<\/section>\n\t\t\t\t<section class=\"has-el-gap el-gap-default elementor-section elementor-top-section elementor-element elementor-element-44817d56 elementor-section-boxed elementor-section-height-default elementor-section-height-default\" data-id=\"44817d56\" data-element_type=\"section\">\n\t\t\t\t\t\t<div class=\"elementor-container elementor-column-gap-no\">\n\t\t\t\t\t<div class=\"elementor-column elementor-col-100 elementor-top-column elementor-element elementor-element-7b90fbcb\" data-id=\"7b90fbcb\" data-element_type=\"column\">\n\t\t\t<div class=\"elementor-widget-wrap elementor-element-populated\">\n\t\t\t\t\t\t<div class=\"elementor-element elementor-element-10d1a95a elementor-widget elementor-widget-heading\" data-id=\"10d1a95a\" data-element_type=\"widget\" data-widget_type=\"heading.default\">\n\t\t\t\t\t<h2 class=\"elementor-heading-title elementor-size-default\">Atas - 2025<\/h2>\t\t\t\t<\/div>\n\t\t\t\t\t<\/div>\n\t\t<\/div>\n\t\t\t\t\t<\/div>\n\t\t<\/section>\n\t\t\t\t<section class=\"has-el-gap el-gap-default elementor-section elementor-top-section elementor-element elementor-element-3f42db45 elementor-section-boxed elementor-section-height-default elementor-section-height-default\" data-id=\"3f42db45\" data-element_type=\"section\">\n\t\t\t\t\t\t<div class=\"elementor-container elementor-column-gap-no\">\n\t\t\t\t\t<div class=\"elementor-column elementor-col-100 elementor-top-column elementor-element elementor-element-27c09db\" data-id=\"27c09db\" data-element_type=\"column\">\n\t\t\t<div class=\"elementor-widget-wrap elementor-element-populated\">\n\t\t\t\t\t\t<div class=\"elementor-element elementor-element-763fa679 elementor-widget elementor-widget-spacer\" data-id=\"763fa679\" data-element_type=\"widget\" data-widget_type=\"spacer.default\">\n\t\t\t\t\t\t\t<div class=\"elementor-spacer\">\n\t\t\t<div class=\"elementor-spacer-inner\"><\/div>\n\t\t<\/div>\n\t\t\t\t\t\t<\/div>\n\t\t\t\t\t<\/div>\n\t\t<\/div>\n\t\t\t\t\t<\/div>\n\t\t<\/section>\n\t\t\t\t<section class=\"has-el-gap el-gap-default elementor-section elementor-top-section elementor-element elementor-element-8be3761 elementor-section-boxed elementor-section-height-default elementor-section-height-default\" data-id=\"8be3761\" data-element_type=\"section\">\n\t\t\t\t\t\t<div class=\"elementor-container elementor-column-gap-no\">\n\t\t\t\t\t<div class=\"elementor-column elementor-col-100 elementor-top-column elementor-element elementor-element-481d18a8\" data-id=\"481d18a8\" data-element_type=\"column\">\n\t\t\t<div class=\"elementor-widget-wrap elementor-element-populated\">\n\t\t\t\t\t\t<div class=\"elementor-element elementor-element-d0161df elementor-widget elementor-widget-html\" data-id=\"d0161df\" data-element_type=\"widget\" data-widget_type=\"html.default\">\n\t\t\t\t\t\n<table id=\"tablepress-26\" class=\"tablepress tablepress-id-26\">\n<thead>\n<tr class=\"row-1\">\n\t<th class=\"column-1\">Publica\u00e7\u00e3o<\/th><th class=\"column-2\">Tipo<\/th><th class=\"column-3\">Descri\u00e7\u00e3o<\/th><th class=\"column-4\">Download<\/th>\n<\/tr>\n<\/thead>\n<tbody class=\"row-striping row-hover\">\n<tr class=\"row-2\">\n\t<td class=\"column-1\">15\/12\/2025<\/td><td class=\"column-2\">ORDIN\u00c1RIA<\/td><td class=\"column-3\">ATA DA 22\u00aa SESS\u00c3O ORDIN\u00c1RIA DO PRIMEIRO ANO DA 20\u00aa LEGISLATURA<\/td><td class=\"column-4\"><a href=\"https:\/\/www.cmsoledadedeminas.mg.gov.br\/v1\/wp-content\/uploads\/2026\/04\/Ata-da-22-Sessao-Ordinaria-de-2025.pdf\" target=\"_blank\">Download<\/a><\/td>\n<\/tr>\n<tr class=\"row-3\">\n\t<td class=\"column-1\">08\/12\/2025<\/td><td class=\"column-2\">COMISS\u00c3O ESPECIAL<\/td><td class=\"column-3\">ATA DA REUNI\u00c3O DA COMISS\u00c3O ESPECIAL DA 20\u00aa LEGISLATURA - decreto de homenagem<\/td><td class=\"column-4\"><a href=\"https:\/\/www.cmsoledadedeminas.mg.gov.br\/v1\/wp-content\/uploads\/2026\/04\/Ata-da-Reuniao-de-Comissao-Especial-Decreto-Homenagem.pdf\" target=\"_blank\">Download<\/a><\/td>\n<\/tr>\n<tr class=\"row-4\">\n\t<td class=\"column-1\">08\/12\/2025<\/td><td class=\"column-2\">COMISS\u00c3O DE SERVI\u00c7OS P\u00daBLICOS<\/td><td class=\"column-3\">ATA DA 15\u00aa REUNI\u00c3O DA COMISS\u00c3O DE SERVI\u00c7OS P\u00daBLICOS MUNICIPAIS E POL\u00cdTICAS SOCIAIS DA 20\u00aa LEGISLATURA<\/td><td class=\"column-4\"><a href=\"https:\/\/www.cmsoledadedeminas.mg.gov.br\/v1\/wp-content\/uploads\/2026\/04\/Ata-da-15-Reuniao-da-Comissao-de-Servicos-Publicos-Municipais-e-Politicas-Sociais.pdf\" target=\"_blank\">Download<\/a><\/td>\n<\/tr>\n<tr class=\"row-5\">\n\t<td class=\"column-1\">01\/12\/2025<\/td><td class=\"column-2\">ORDIN\u00c1RIA<\/td><td class=\"column-3\">ATA DA 20\u00aa SESS\u00c3O ORDIN\u00c1RIA DO PRIMEIRO ANO DA 20\u00aa LEGISLATURA<\/td><td class=\"column-4\"><a href=\"https:\/\/www.cmsoledadedeminas.mg.gov.br\/v1\/wp-content\/uploads\/2026\/04\/Ata-da-Reuniao-Autenticada.pdf\" target=\"_blank\">Download<\/a><\/td>\n<\/tr>\n<tr class=\"row-6\">\n\t<td class=\"column-1\">17\/11\/2025<\/td><td class=\"column-2\">COMISS\u00c3O DE FINAN\u00c7AS<\/td><td class=\"column-3\">ATA DA 8\u00aa REUNI\u00c3O DA COMISS\u00c3O DE FINAN\u00c7AS, OR\u00c7AMENTOS FISCALIZA\u00c7\u00c3O FINANCEIRA<\/td><td class=\"column-4\"><a href=\"https:\/\/www.cmsoledadedeminas.mg.gov.br\/v1\/wp-content\/uploads\/2026\/04\/Ata-da-8-Reuniao-da-Comissao-de-Financas-Orcamento-e-Fiscalizacao-Financeira.pdf\" target=\"_blank\">Download<\/a><\/td>\n<\/tr>\n<tr class=\"row-7\">\n\t<td class=\"column-1\">17\/11\/2025<\/td><td class=\"column-2\">ORDIN\u00c1RIA<\/td><td class=\"column-3\">ATA DA 20\u00aa SESS\u00c3O ORDIN\u00c1RIA DO PRIMEIRO ANO DA 20\u00aa LEGISLATURA<\/td><td class=\"column-4\"><a href=\"https:\/\/www.cmsoledadedeminas.mg.gov.br\/v1\/wp-content\/uploads\/2026\/04\/Ata-da-20-Sessao-Ordinaria.pdf\" target=\"_blank\">Download<\/a><\/td>\n<\/tr>\n<tr class=\"row-8\">\n\t<td class=\"column-1\">08\/11\/2025<\/td><td class=\"column-2\">COMISS\u00c3O DE LEGISLA\u00c7\u00c3O<\/td><td class=\"column-3\">ATA DA 14\u00aa REUNI\u00c3O DA COMISS\u00c3O DE LEGISLA\u00c7\u00c3O, JUSTI\u00c7A \u0415<br \/>\nREDA\u00c7\u00c3O DA 20\u00aa LEGISLATURA<\/td><td class=\"column-4\"><a href=\"https:\/\/www.cmsoledadedeminas.mg.gov.br\/v1\/wp-content\/uploads\/2026\/04\/Ata-da-14-Reuniao-da-Comissao-de-Legislacao-justica-e-redaCAO.pdf\" target=\"_blank\">Download<\/a><\/td>\n<\/tr>\n<tr class=\"row-9\">\n\t<td class=\"column-1\">05\/11\/2025<\/td><td class=\"column-2\">AUDI\u00caNCIA P\u00daBLICA<\/td><td class=\"column-3\">ATA DA 3\u00aa AUDI\u00caNCIA P\u00daBLICA DO PRIMEIRO ANO DA 20 LEGISLATURA<\/td><td class=\"column-4\"><a href=\"https:\/\/www.cmsoledadedeminas.mg.gov.br\/v1\/wp-content\/uploads\/2026\/04\/Ata-da-3-Audiencia-Publica-de-2025.pdf\" target=\"_blank\">Download<\/a><\/td>\n<\/tr>\n<tr class=\"row-10\">\n\t<td class=\"column-1\">03\/11\/2025<\/td><td class=\"column-2\">COMISS\u00c3O DE LEGISLA\u00c7\u00c3O<\/td><td class=\"column-3\">ATA DA 13\u00aa REUNI\u00c3O DA COMISS\u00c3O DE LEGISLA\u00c7\u00c3O, JUSTI\u00c7A \u0415<br \/>\nREDA\u00c7\u00c3O DA 20\u00aa LEGISLATURA<\/td><td class=\"column-4\"><a href=\"https:\/\/www.cmsoledadedeminas.mg.gov.br\/v1\/wp-content\/uploads\/2026\/04\/Ata-da-13-Reuniao-da-Comissao-de-Legislacao-justica-e-redacao.pdf\" target=\"_blank\">Download<\/a><\/td>\n<\/tr>\n<tr class=\"row-11\">\n\t<td class=\"column-1\">03\/11\/2025<\/td><td class=\"column-2\">ORDIN\u00c1RIA<\/td><td class=\"column-3\">ATA DA 19\u00aa SESS\u00c3O ORDIN\u00c1RIA DO PRIMEIRO ANO DA 20\u00aa LEGISLATURA<\/td><td class=\"column-4\"><a href=\"https:\/\/www.cmsoledadedeminas.mg.gov.br\/v1\/wp-content\/uploads\/2026\/04\/Ata-da-19-Sessao-Ordinaria.pdf\" target=\"_blank\">Download<\/a><\/td>\n<\/tr>\n<tr class=\"row-12\">\n\t<td class=\"column-1\">20\/10\/2025<\/td><td class=\"column-2\">COMISS\u00c3O DE LEGISLA\u00c7\u00c3O<\/td><td class=\"column-3\">ATA DA 12\u00aa REUNI\u00c3O DA COMISS\u00c3O DE LEGISLA\u00c7\u00c3O, JUSTI\u00c7A \u0415<br \/>\nREDA\u00c7\u00c3O DA 20\u00aa LEGISLATURA<\/td><td class=\"column-4\"><a href=\"https:\/\/www.cmsoledadedeminas.mg.gov.br\/v1\/wp-content\/uploads\/2026\/04\/Ata-da-12-Reuniao-da-Comissao-de-Legislacao-Justica-e-Redacao.pdf\" target=\"_blank\">Download<\/a><\/td>\n<\/tr>\n<tr class=\"row-13\">\n\t<td class=\"column-1\">20\/10\/2025<\/td><td class=\"column-2\">ORDIN\u00c1RIA<\/td><td class=\"column-3\">ATA DA 18\u00aa SESS\u00c3O ORDIN\u00c1RIA DO PRIMEIRO ANO DA 20\u00aa LEGISLATURA<\/td><td class=\"column-4\"><a href=\"https:\/\/www.cmsoledadedeminas.mg.gov.br\/v1\/wp-content\/uploads\/2026\/04\/Ata-da-18-Sessao-Ordinaria-de-2025.pdf\" target=\"_blank\">Download<\/a><\/td>\n<\/tr>\n<tr class=\"row-14\">\n\t<td class=\"column-1\">13\/10\/2025<\/td><td class=\"column-2\">AUDI\u00caNCIA P\u00daBLICA<\/td><td class=\"column-3\">ATA DA 2\u00aa AUDI\u00caNCIA P\u00daBLICA DO PRIMEIRO ANO DA 20 LEGISLATURA<\/td><td class=\"column-4\"><a href=\"https:\/\/www.cmsoledadedeminas.mg.gov.br\/v1\/wp-content\/uploads\/2026\/04\/Ata-da-2-Audiencia-Publica-de-2025.pdf\" target=\"_blank\">Download<\/a><\/td>\n<\/tr>\n<tr class=\"row-15\">\n\t<td class=\"column-1\">06\/10\/2025<\/td><td class=\"column-2\">COMISS\u00c3O DE SERVI\u00c7OS P\u00daBLICOS<\/td><td class=\"column-3\">ATA DA 14\u00aa REUNI\u00c3O DA COMISS\u00c3O DE SERVI\u00c7OS P\u00daBLICOS MUNICIPAIS E POL\u00cdTICAS SOCIAIS DA 20\u00aa LEGISLATURA<\/td><td class=\"column-4\"><a href=\"https:\/\/www.cmsoledadedeminas.mg.gov.br\/v1\/wp-content\/uploads\/2026\/04\/Ata-da-14-Reuniao-da-Comissao-de-Servicos-Publicos-Municipais-e-Politicas-Sociais.pdf\" target=\"_blank\">Download<\/a><\/td>\n<\/tr>\n<tr class=\"row-16\">\n\t<td class=\"column-1\">06\/10\/2026<\/td><td class=\"column-2\">EXTRAORDIN\u00c1RIA<\/td><td class=\"column-3\">ATA DA 9\u00aa SESS\u00c3O EXTRAORDIN\u00c1RIA DO PRIMEIRO ANO DA 20\u00aa LEGISLATURA<\/td><td class=\"column-4\"><a href=\"https:\/\/www.cmsoledadedeminas.mg.gov.br\/v1\/wp-content\/uploads\/2026\/04\/Ata-da-9-Reniao-Extraordinaria.pdf\" target=\"_blank\">Download<\/a><\/td>\n<\/tr>\n<tr class=\"row-17\">\n\t<td class=\"column-1\">06\/10\/2025<\/td><td class=\"column-2\">COMISS\u00c3O DE LEGISLA\u00c7\u00c3O<\/td><td class=\"column-3\">ATA DA 11\u00aa REUNI\u00c3O DA COMISS\u00c3O DE LEGISLA\u00c7\u00c3O, JUSTI\u00c7A \u0415<br \/>\nREDA\u00c7\u00c3O DA 20\u00aa LEGISLATURA<\/td><td class=\"column-4\"><a href=\"https:\/\/www.cmsoledadedeminas.mg.gov.br\/v1\/wp-content\/uploads\/2026\/04\/Ata-da-11-Reuniao-da-Comissao-de-Legislacao-Justica-e-Redacao.pdf\" target=\"_blank\">Download<\/a><\/td>\n<\/tr>\n<tr class=\"row-18\">\n\t<td class=\"column-1\">06\/10\/2025<\/td><td class=\"column-2\">ORDIN\u00c1RIA<\/td><td class=\"column-3\">ATA DA 17\u00aa SESS\u00c3O ORDIN\u00c1RIA DO PRIMEIRO ANO DA 20\u00aa LEGISLATURA<\/td><td class=\"column-4\"><a href=\"https:\/\/www.cmsoledadedeminas.mg.gov.br\/v1\/wp-content\/uploads\/2026\/04\/Ata-da-17-Sessao-Ordinaria-de-2025.pdf\" target=\"_blank\">Download<\/a><\/td>\n<\/tr>\n<tr class=\"row-19\">\n\t<td class=\"column-1\">16\/09\/2025<\/td><td class=\"column-2\">COMISS\u00c3O DE LEGISLA\u00c7\u00c3O<\/td><td class=\"column-3\">ATA DA 10\u00aa REUNI\u00c3O DA COMISS\u00c3O DE LEGISLA\u00c7\u00c3O, JUSTI\u00c7A \u0415<br \/>\nREDA\u00c7\u00c3O DA 20\u00aa LEGISLATURA<\/td><td class=\"column-4\"><a href=\"https:\/\/www.cmsoledadedeminas.mg.gov.br\/v1\/wp-content\/uploads\/2026\/04\/Ata-da-10-Reuniao-da-Comissao-de-Legislacao-justica-e-redacao.pdf\" target=\"_blank\">Download<\/a><\/td>\n<\/tr>\n<tr class=\"row-20\">\n\t<td class=\"column-1\">15\/09\/2025<\/td><td class=\"column-2\">ORDIN\u00c1RIA<\/td><td class=\"column-3\">ATA DA 16\u00aa SESS\u00c3O ORDIN\u00c1RIA DO PRIMEIRO ANO DA 20\u00aa LEGISLATURA<\/td><td class=\"column-4\"><a href=\"https:\/\/www.cmsoledadedeminas.mg.gov.br\/v1\/wp-content\/uploads\/2026\/04\/Ata-da-16-Sessao-Ordinaria.pdf\" target=\"_blank\">Download<\/a><\/td>\n<\/tr>\n<tr class=\"row-21\">\n\t<td class=\"column-1\">01\/09\/2025<\/td><td class=\"column-2\">COMISS\u00c3O DE SERVI\u00c7OS P\u00daBLICOS<\/td><td class=\"column-3\">ATA DA 12\u00aa REUNI\u00c3O DA COMISS\u00c3O DE SERVI\u00c7OS P\u00daBLICOS MUNICIPAIS E POL\u00cdTICAS SOCIAIS DA 20\u00aa LEGISLATURA<\/td><td class=\"column-4\"><a href=\"https:\/\/www.cmsoledadedeminas.mg.gov.br\/v1\/wp-content\/uploads\/2026\/04\/Ata-da-12-Reuniao-da-Comissao-de-Servicos-Publicos-Municipais-e-Politicas-Sociais.pdf\" target=\"_blank\">Download<\/a><\/td>\n<\/tr>\n<tr class=\"row-22\">\n\t<td class=\"column-1\">01\/09\/2025<\/td><td class=\"column-2\">COMISS\u00c3O DE LEGISLA\u00c7\u00c3O<\/td><td class=\"column-3\">ATA DA 9\u00aa REUNI\u00c3O DA COMISS\u00c3O DE LEGISLA\u00c7\u00c3O, JUSTI\u00c7A \u0415<br \/>\nREDA\u00c7\u00c3O DA 20\u00aa LEGISLATURA<\/td><td class=\"column-4\"><a href=\"https:\/\/www.cmsoledadedeminas.mg.gov.br\/v1\/wp-content\/uploads\/2026\/04\/Ata-da-9-Reuniao-da-Comissao-de-Legislacao-Justica-e-Redacao.pdf\" target=\"_blank\">Download<\/a><\/td>\n<\/tr>\n<tr class=\"row-23\">\n\t<td class=\"column-1\">01\/09\/2025<\/td><td class=\"column-2\">ORDIN\u00c1RIA<\/td><td class=\"column-3\">ATA DA 15\u00aa SESS\u00c3O ORDIN\u00c1RIA DO PRIMEIRO ANO DA 20\u00aa LEGISLATURA<\/td><td class=\"column-4\"><a href=\"https:\/\/www.cmsoledadedeminas.mg.gov.br\/v1\/wp-content\/uploads\/2026\/04\/Ata-da-15-Sessao-Ordinaria-de-2025.pdf\" target=\"_blank\">Download<\/a><\/td>\n<\/tr>\n<tr class=\"row-24\">\n\t<td class=\"column-1\">18\/08\/2025<\/td><td class=\"column-2\">COMISS\u00c3O DE SERVI\u00c7OS P\u00daBLICOS<\/td><td class=\"column-3\">ATA DA 11\u00aa REUNI\u00c3O DA COMISS\u00c3O DE SERVI\u00c7OS P\u00daBLICOS MUNICIPAIS E POL\u00cdTICAS SOCIAIS DA 20\u00aa LEGISLATURA<\/td><td class=\"column-4\"><a href=\"https:\/\/www.cmsoledadedeminas.mg.gov.br\/v1\/wp-content\/uploads\/2026\/04\/Ata-da-11-Reuniao-da-Comissao-de-Servicos-Publicos-Municipais-e-Politicas-Sociais.pdf\" target=\"_blank\">Download<\/a><\/td>\n<\/tr>\n<tr class=\"row-25\">\n\t<td class=\"column-1\">18\/08\/2025<\/td><td class=\"column-2\">COMISS\u00c3O DE LEGISLA\u00c7\u00c3O<\/td><td class=\"column-3\">ATA DA 8\u00aa REUNI\u00c3O DA COMISS\u00c3O DE LEGISLA\u00c7\u00c3O, JUSTI\u00c7A \u0415<br \/>\nREDA\u00c7\u00c3O DA 20\u00aa LEGISLATURA<\/td><td class=\"column-4\"><a href=\"https:\/\/www.cmsoledadedeminas.mg.gov.br\/v1\/wp-content\/uploads\/2026\/04\/Ata-da-8-Reuniao-da-Comissao-de-Legislacao-Justica-e-Redacao.pdf\" target=\"_blank\">Download<\/a><\/td>\n<\/tr>\n<tr class=\"row-26\">\n\t<td class=\"column-1\">18\/08\/2025<\/td><td class=\"column-2\">ORDIN\u00c1RIA<\/td><td class=\"column-3\">ATA DA 14\u00aa SESS\u00c3O ORDIN\u00c1RIA DO PRIMEIRO ANO DA 20\u00aa LEGISLATURA<\/td><td class=\"column-4\"><a href=\"https:\/\/www.cmsoledadedeminas.mg.gov.br\/v1\/wp-content\/uploads\/2026\/04\/Ata-da-14-Sessao-Ordinaria.pdf\" target=\"_blank\">Download<\/a><\/td>\n<\/tr>\n<tr class=\"row-27\">\n\t<td class=\"column-1\">11\/08\/2025<\/td><td class=\"column-2\">COMISS\u00c3O ESPECIAL<\/td><td class=\"column-3\">ATA DA REUNI\u00c3O DA COMISS\u00c3O ESPECIAL DA 20\u00aa LEGISLATURA - veto 06 de 2025<\/td><td class=\"column-4\"><a href=\"https:\/\/www.cmsoledadedeminas.mg.gov.br\/v1\/wp-content\/uploads\/2026\/04\/Ata-da-Reuniao-da-Comissao-Especial-veto-06-de-2025.pdf\" target=\"_blank\">Download<\/a><\/td>\n<\/tr>\n<tr class=\"row-28\">\n\t<td class=\"column-1\">11\/08\/2025<\/td><td class=\"column-2\">COMISS\u00c3O ESPECIAL<\/td><td class=\"column-3\">ATA DA REUNI\u00c3O DA COMISS\u00c3O ESPECIAL DA 20\u00aa LEGISLATURA - veto 05 de 2025<\/td><td class=\"column-4\"><a href=\"https:\/\/www.cmsoledadedeminas.mg.gov.br\/v1\/wp-content\/uploads\/2026\/04\/Ata-da-Reuniao-da-Comissao-Especial-veto-05-de-2025.pdf\" target=\"_blank\">Download<\/a><\/td>\n<\/tr>\n<tr class=\"row-29\">\n\t<td class=\"column-1\">11\/08\/2025<\/td><td class=\"column-2\">COMISS\u00c3O DE SERVI\u00c7OS P\u00daBLICOS<\/td><td class=\"column-3\">ATA DA 10\u00aa REUNI\u00c3O DA COMISS\u00c3O DE SERVI\u00c7OS P\u00daBLICOS MUNICIPAIS E POL\u00cdTICAS SOCIAIS DA 20\u00aa LEGISLATURA<\/td><td class=\"column-4\"><a href=\"https:\/\/www.cmsoledadedeminas.mg.gov.br\/v1\/wp-content\/uploads\/2026\/04\/Ata-da-10-Reuniao-da-Comissao-de-Servicos-Publicos-Municipais-e-Politicas-Sociais.pdf\" target=\"_blank\">Download<\/a><\/td>\n<\/tr>\n<tr class=\"row-30\">\n\t<td class=\"column-1\">11\/08\/2025<\/td><td class=\"column-2\">EXTRAORDIN\u00c1RIA<\/td><td class=\"column-3\">ATA DA 8\u00aa SESS\u00c3O EXTRAORDIN\u00c1RIA DO PRIMEIRO ANO DA 20\u00aa LEGISLATURA<\/td><td class=\"column-4\"><a href=\"https:\/\/www.cmsoledadedeminas.mg.gov.br\/v1\/wp-content\/uploads\/2026\/04\/Ata-da-8-Sessao-Extraordinaria.pdf\" target=\"_blank\">Download<\/a><\/td>\n<\/tr>\n<tr class=\"row-31\">\n\t<td class=\"column-1\">04\/08\/2025<\/td><td class=\"column-2\">COMISS\u00c3O DE SERVI\u00c7OS P\u00daBLICOS<\/td><td class=\"column-3\">ATA DA 9\u00aa REUNI\u00c3O DA COMISS\u00c3O DE SERVI\u00c7OS P\u00daBLICOS MUNICIPAIS E POL\u00cdTICAS SOCIAIS DA 20\u00aa LEGISLATURA<\/td><td class=\"column-4\"><a href=\"https:\/\/www.cmsoledadedeminas.mg.gov.br\/v1\/wp-content\/uploads\/2026\/04\/Ata-da-9-Reuniao-da-Comissao-de-Servicos-Publicos-Municipais-e-Politicas-Sociais.pdf\" target=\"_blank\">Download<\/a><\/td>\n<\/tr>\n<tr class=\"row-32\">\n\t<td class=\"column-1\">04\/08\/2025<\/td><td class=\"column-2\">COMISS\u00c3O DE LEGISLA\u00c7\u00c3O<\/td><td class=\"column-3\">ATA DA 7\u00aa REUNI\u00c3O DA COMISS\u00c3O DE LEGISLA\u00c7\u00c3O, JUSTI\u00c7A \u0415<br \/>\nREDA\u00c7\u00c3O DA 20\u00aa LEGISLATURA<\/td><td class=\"column-4\"><a href=\"https:\/\/www.cmsoledadedeminas.mg.gov.br\/v1\/wp-content\/uploads\/2026\/04\/Ata-da-7-Reuniao-da-Comissao-de-Legislacao-Justica-e-Redacao.pdf\" target=\"_blank\">Download<\/a><\/td>\n<\/tr>\n<tr class=\"row-33\">\n\t<td class=\"column-1\">04\/08\/2025<\/td><td class=\"column-2\">COMISS\u00c3O DE FINAN\u00c7AS<\/td><td class=\"column-3\">ATA DA 7\u00aa REUNI\u00c3O DA COMISS\u00c3O DE FINAN\u00c7AS, OR\u00c7AMENTOS FISCALIZA\u00c7\u00c3O FINANCEIRA<\/td><td class=\"column-4\"><a href=\"https:\/\/www.cmsoledadedeminas.mg.gov.br\/v1\/wp-content\/uploads\/2026\/04\/Ata-da-7-Reuniao-da-Comissao-de-Financas-Orcamento-e-Fiscalizacao-Financeira.pdf\" target=\"_blank\">Download<\/a><\/td>\n<\/tr>\n<tr class=\"row-34\">\n\t<td class=\"column-1\">04\/08\/2025<\/td><td class=\"column-2\">COMISS\u00c3O DE FINAN\u00c7AS<\/td><td class=\"column-3\">ATA DA 6\u00aa REUNI\u00c3O DA COMISS\u00c3O DE FINAN\u00c7AS, OR\u00c7AMENTOS FISCALIZA\u00c7\u00c3O FINANCEIRA<\/td><td class=\"column-4\"><a href=\"https:\/\/www.cmsoledadedeminas.mg.gov.br\/v1\/wp-content\/uploads\/2026\/04\/Ata-da-6-Reuniao-da-Comissao-de-Financas-Orcamento-e-Fiscalizacao-Financeira.pdf\" target=\"_blank\">Download<\/a><\/td>\n<\/tr>\n<tr class=\"row-35\">\n\t<td class=\"column-1\">04\/08\/2025<\/td><td class=\"column-2\">ORDIN\u00c1RIA<\/td><td class=\"column-3\">ATA DA 13\u00aa SESS\u00c3O ORDIN\u00c1RIA DO PRIMEIRO ANO DA 20\u00aa LEGISLATURA<\/td><td class=\"column-4\"><a href=\"https:\/\/www.cmsoledadedeminas.mg.gov.br\/v1\/wp-content\/uploads\/2026\/04\/Ata-da-13-Sessao-Ordinaria.pdf\" target=\"_blank\">Download<\/a><\/td>\n<\/tr>\n<tr class=\"row-36\">\n\t<td class=\"column-1\">07\/07\/2025<\/td><td class=\"column-2\">COMISS\u00c3O DE LEGISLA\u00c7\u00c3O<\/td><td class=\"column-3\">ATA DA 6\u00aa REUNI\u00c3O DA COMISS\u00c3O DE LEGISLA\u00c7\u00c3O, JUSTI\u00c7A \u0415<br \/>\nREDA\u00c7\u00c3O DA 20\u00aa LEGISLATURA<\/td><td class=\"column-4\"><a href=\"https:\/\/www.cmsoledadedeminas.mg.gov.br\/v1\/wp-content\/uploads\/2026\/04\/Ata-da-6-Reuniao-da-Comissao-de-Legislacao-Justica-e-Redacao.pdf\" target=\"_blank\">Download<\/a><\/td>\n<\/tr>\n<tr class=\"row-37\">\n\t<td class=\"column-1\">07\/07\/2025<\/td><td class=\"column-2\">EXTRAORDIN\u00c1RIA<\/td><td class=\"column-3\">ATA DA 7\u00aa SESS\u00c3O EXTRAORDIN\u00c1RIA DO PRIMEIRO ANO DA 20\u00aa LEGISLATURA<\/td><td class=\"column-4\"><a href=\"https:\/\/www.cmsoledadedeminas.mg.gov.br\/v1\/wp-content\/uploads\/2026\/04\/Ata-da-7-Sessao-Extraordinaria.pdf\" target=\"_blank\">Download<\/a><\/td>\n<\/tr>\n<tr class=\"row-38\">\n\t<td class=\"column-1\">25\/06\/2025<\/td><td class=\"column-2\">EXTRAORDIN\u00c1RIA<\/td><td class=\"column-3\">ATA DA 6\u00aa SESS\u00c3O EXTRAORDIN\u00c1RIA DO PRIMEIRO ANO DA 20\u00aa LEGISLATURA<\/td><td class=\"column-4\"><a href=\"https:\/\/www.cmsoledadedeminas.mg.gov.br\/v1\/wp-content\/uploads\/2026\/04\/Ata-da-6-Sessao-Extraordinaria.pdf\" target=\"_blank\">Download<\/a><\/td>\n<\/tr>\n<tr class=\"row-39\">\n\t<td class=\"column-1\">23\/06\/2025<\/td><td class=\"column-2\">COMISS\u00c3O DE LEGISLA\u00c7\u00c3O<\/td><td class=\"column-3\">ATA DA 5\u00aa REUNI\u00c3O DA COMISS\u00c3O DE LEGISLA\u00c7\u00c3O, JUSTI\u00c7A \u0415<br \/>\nREDA\u00c7\u00c3O DA 20\u00aa LEGISLATURA<\/td><td class=\"column-4\"><a href=\"https:\/\/www.cmsoledadedeminas.mg.gov.br\/v1\/wp-content\/uploads\/2026\/04\/Ata-da-5-Reuniao-da-Comissao-de-Legislacao-Justica-e-Redacao.pdf\" target=\"_blank\">Download<\/a><\/td>\n<\/tr>\n<tr class=\"row-40\">\n\t<td class=\"column-1\">23\/06\/2025<\/td><td class=\"column-2\">EXTRAORDIN\u00c1RIA<\/td><td class=\"column-3\">ATA DA 5\u00aa SESS\u00c3O EXTRAORDIN\u00c1RIA DO PRIMEIRO ANO DA 20\u00aa LEGISLATURA<\/td><td class=\"column-4\"><a href=\"https:\/\/www.cmsoledadedeminas.mg.gov.br\/v1\/wp-content\/uploads\/2026\/04\/Ata-da-5-Sessao-Extraordinaria.pdf\" target=\"_blank\">Download<\/a><\/td>\n<\/tr>\n<tr class=\"row-41\">\n\t<td class=\"column-1\">16\/06\/2025<\/td><td class=\"column-2\">ORDIN\u00c1RIA<\/td><td class=\"column-3\">ATA DA 12\u00aa SESS\u00c3O ORDIN\u00c1RIA DO PRIMEIRO ANO DA 20\u00aa LEGISLATURA<\/td><td class=\"column-4\"><a href=\"https:\/\/www.cmsoledadedeminas.mg.gov.br\/v1\/wp-content\/uploads\/2026\/04\/Ata-da-12-Sessao-Ordinaria-de-2025.pdf\" target=\"_blank\">Download<\/a><\/td>\n<\/tr>\n<tr class=\"row-42\">\n\t<td class=\"column-1\">09\/06\/2025<\/td><td class=\"column-2\">AUDI\u00caNCIA P\u00daBLICA<\/td><td class=\"column-3\">ATA DA 1\u00aa AUDI\u00caNCIA P\u00daBLICA DO PRIMEIRO ANO DA 20 LEGISLATURA<\/td><td class=\"column-4\"><a href=\"https:\/\/www.cmsoledadedeminas.mg.gov.br\/v1\/wp-content\/uploads\/2026\/04\/Ata-da-1-Audiencia-Publica-de-2025_compressed.pdf\" target=\"_blank\">Download<\/a><br \/>\n<a href=\"https:\/\/www.cmsoledadedeminas.mg.gov.br\/v1\/wp-content\/uploads\/2026\/04\/Lista-de-Presenca-1-Audiencia-Publica.pdf\" target=\"_blank\">Lista de Presen\u00e7a<\/a><\/td>\n<\/tr>\n<tr class=\"row-43\">\n\t<td class=\"column-1\">05\/06\/2025<\/td><td class=\"column-2\">COMISS\u00c3O DE SERVI\u00c7OS P\u00daBLICOS<\/td><td class=\"column-3\">ATA DA 8\u00aa REUNI\u00c3O DA COMISS\u00c3O DE SERVI\u00c7OS P\u00daBLICOS MUNICIPAIS E POL\u00cdTICAS SOCIAIS DA 20\u00aa LEGISLATURA<\/td><td class=\"column-4\"><a href=\"https:\/\/www.cmsoledadedeminas.mg.gov.br\/v1\/wp-content\/uploads\/2026\/04\/Ata-da-8-Reuniao-da-Comissao-de-Servicos-Publicos-Municipais-e-Politicas-Sociais.pdf\" target=\"_blank\">Download<\/a><\/td>\n<\/tr>\n<tr class=\"row-44\">\n\t<td class=\"column-1\">05\/06\/2025<\/td><td class=\"column-2\">COMISS\u00c3O DE LEGISLA\u00c7\u00c3O<\/td><td class=\"column-3\">ATA DA 4\u00aa REUNI\u00c3O DA COMISS\u00c3O DE LEGISLA\u00c7\u00c3O, JUSTI\u00c7A \u0415<br \/>\nREDA\u00c7\u00c3O DA 20\u00aa LEGISLATURA<\/td><td class=\"column-4\"><a href=\"https:\/\/www.cmsoledadedeminas.mg.gov.br\/v1\/wp-content\/uploads\/2026\/04\/Ata-da-4-Reuniao-da-Comissao-de-Legislacao-Justica-e-Redacao.pdf\" target=\"_blank\">Download<\/a><\/td>\n<\/tr>\n<tr class=\"row-45\">\n\t<td class=\"column-1\">05\/06\/2025<\/td><td class=\"column-2\">EXTRAORDIN\u00c1RIA<\/td><td class=\"column-3\">ATA DA 4\u00aa SESS\u00c3O EXTRAORDIN\u00c1RIA DO PRIMEIRO ANO DA 20\u00aa LEGISLATURA<\/td><td class=\"column-4\"><a href=\"https:\/\/www.cmsoledadedeminas.mg.gov.br\/v1\/wp-content\/uploads\/2026\/04\/Ata-da-04-Reuniao-Extraordinaria-de-2025.pdf\" target=\"_blank\">Download<\/a><\/td>\n<\/tr>\n<tr class=\"row-46\">\n\t<td class=\"column-1\">02\/06\/2025<\/td><td class=\"column-2\">COMISS\u00c3O DE SERVI\u00c7OS P\u00daBLICOS<\/td><td class=\"column-3\">ATA DA 7\u00aa REUNI\u00c3O DA COMISS\u00c3O DE SERVI\u00c7OS P\u00daBLICOS MUNICIPAIS E POL\u00cdTICAS SOCIAIS DA 20\u00aa LEGISLATURA<\/td><td class=\"column-4\"><a href=\"https:\/\/www.cmsoledadedeminas.mg.gov.br\/v1\/wp-content\/uploads\/2026\/04\/Ata-da-7-Reuniao-da-Comissao-de-Servicos-Publicos-Municipais-e-Politicas-Sociais.pdf\" target=\"_blank\">Download<\/a><\/td>\n<\/tr>\n<tr class=\"row-47\">\n\t<td class=\"column-1\">02\/06\/2025<\/td><td class=\"column-2\">COMISS\u00c3O DE FINAN\u00c7AS<\/td><td class=\"column-3\">ATA DA 5\u00aa REUNI\u00c3O DA COMISS\u00c3O DE FINAN\u00c7AS, OR\u00c7AMENTOS FISCALIZA\u00c7\u00c3O FINANCEIRA<\/td><td class=\"column-4\"><a href=\"https:\/\/www.cmsoledadedeminas.mg.gov.br\/v1\/wp-content\/uploads\/2026\/04\/Ata-da-5-Reuniao-da-Comissao-de-Financas-Orcamento-e-Fiscalizacao-Financeira.pdf\" target=\"_blank\">Download<\/a><\/td>\n<\/tr>\n<tr class=\"row-48\">\n\t<td class=\"column-1\">02\/06\/2025<\/td><td class=\"column-2\">ORDIN\u00c1RIA<\/td><td class=\"column-3\">ATA DA 11\u00aa SESS\u00c3O ORDIN\u00c1RIA DO PRIMEIRO ANO DA 20\u00aa LEGISLATURA<\/td><td class=\"column-4\"><a href=\"https:\/\/www.cmsoledadedeminas.mg.gov.br\/v1\/wp-content\/uploads\/2026\/04\/Ata-da-11-Sessao-Ordinaria.pdf\" target=\"_blank\">Download<\/a><\/td>\n<\/tr>\n<tr class=\"row-49\">\n\t<td class=\"column-1\">19\/05\/2025<\/td><td class=\"column-2\">ORDIN\u00c1RIA<\/td><td class=\"column-3\">ATA DA 10\u00aa SESS\u00c3O ORDIN\u00c1RIA DO PRIMEIRO ANO DA 20\u00aa LEGISLATURA<\/td><td class=\"column-4\"><a href=\"https:\/\/www.cmsoledadedeminas.mg.gov.br\/v1\/wp-content\/uploads\/2026\/04\/Ata-da-10-Sessao-Ordinaria.pdf\" target=\"_blank\">Download<\/a><\/td>\n<\/tr>\n<tr class=\"row-50\">\n\t<td class=\"column-1\">05\/05\/2025<\/td><td class=\"column-2\">ORDIN\u00c1RIA<\/td><td class=\"column-3\">ATA DA 9\u00aa SESS\u00c3O ORDIN\u00c1RIA DO PRIMEIRO ANO DA 20\u00aa LEGISLATURA<\/td><td class=\"column-4\"><a href=\"https:\/\/www.cmsoledadedeminas.mg.gov.br\/v1\/wp-content\/uploads\/2026\/04\/Ata-da-9-ReuniAo-Ordinaria.pdf\" target=\"_blank\">Download<\/a><\/td>\n<\/tr>\n<tr class=\"row-51\">\n\t<td class=\"column-1\">22\/04\/2025<\/td><td class=\"column-2\">COMISS\u00c3O DE SERVI\u00c7OS P\u00daBLICOS<\/td><td class=\"column-3\">ATA DA 6\u00aa REUNI\u00c3O DA COMISS\u00c3O DE SERVI\u00c7OS P\u00daBLICOS MUNICIPAIS E POL\u00cdTICAS SOCIAIS DA 20\u00aa LEGISLATURA<\/td><td class=\"column-4\"><a href=\"https:\/\/www.cmsoledadedeminas.mg.gov.br\/v1\/wp-content\/uploads\/2026\/04\/Ata-da-6-Reuniao-da-Comissao-de-Servicos-Publicos-Muncipais-e-Politicas-Sociais.pdf\" target=\"_blank\">Download<\/a><\/td>\n<\/tr>\n<tr class=\"row-52\">\n\t<td class=\"column-1\">22\/04\/2025<\/td><td class=\"column-2\">COMISS\u00c3O DE LEGISLA\u00c7\u00c3O<\/td><td class=\"column-3\">ATA DA 3\u00aa REUNI\u00c3O DA COMISS\u00c3O DE LEGISLA\u00c7\u00c3O, JUSTI\u00c7A \u0415<br \/>\nREDA\u00c7\u00c3O DA 20\u00aa LEGISLATURA<\/td><td class=\"column-4\"><a href=\"https:\/\/www.cmsoledadedeminas.mg.gov.br\/v1\/wp-content\/uploads\/2026\/04\/Ata-da-3-Reuniao-da-Comissao-de-Legislacao-Justica-e-Redacao.pdf\" target=\"_blank\">Download<\/a><\/td>\n<\/tr>\n<tr class=\"row-53\">\n\t<td class=\"column-1\">22\/04\/2025<\/td><td class=\"column-2\">COMISS\u00c3O DE FINAN\u00c7AS<\/td><td class=\"column-3\">ATA DA 4\u00aa REUNI\u00c3O DA COMISS\u00c3O DE FINAN\u00c7AS, OR\u00c7AMENTOS FISCALIZA\u00c7\u00c3O FINANCEIRA<\/td><td class=\"column-4\"><a href=\"https:\/\/www.cmsoledadedeminas.mg.gov.br\/v1\/wp-content\/uploads\/2026\/04\/Ata-da-4-Reuniao-da-Comissao-de-Financas-Orcamento-e-Fiscalizacao-Financeira.pdf\" target=\"_blank\">Download<\/a><\/td>\n<\/tr>\n<tr class=\"row-54\">\n\t<td class=\"column-1\">22\/04\/2025<\/td><td class=\"column-2\">ORDIN\u00c1RIA<\/td><td class=\"column-3\">ATA DA 8\u00aa SESS\u00c3O ORDIN\u00c1RIA DO PRIMEIRO ANO DA 20\u00aa LEGISLATURA<\/td><td class=\"column-4\"><a href=\"https:\/\/www.cmsoledadedeminas.mg.gov.br\/v1\/wp-content\/uploads\/2026\/04\/Ata-da-8-Sessao-Ordinaria.pdf\" target=\"_blank\">Download<\/a><\/td>\n<\/tr>\n<tr class=\"row-55\">\n\t<td class=\"column-1\">07\/04\/2025<\/td><td class=\"column-2\">ORDIN\u00c1RIA<\/td><td class=\"column-3\">ATA DA 7\u00aa SESS\u00c3O ORDIN\u00c1RIA DO PRIMEIRO ANO DA 20\u00aa LEGISLATURA<\/td><td class=\"column-4\"><a href=\"https:\/\/www.cmsoledadedeminas.mg.gov.br\/v1\/wp-content\/uploads\/2026\/04\/Ata-da-7-Reuniao-Ordinaria.pdf\" target=\"_blank\">Download<\/a><\/td>\n<\/tr>\n<tr class=\"row-56\">\n\t<td class=\"column-1\">24\/03\/2025<\/td><td class=\"column-2\">COMISS\u00c3O DE SERVI\u00c7OS P\u00daBLICOS<\/td><td class=\"column-3\">ATA DA 5\u00aa REUNI\u00c3O DA COMISS\u00c3O DE SERVI\u00c7OS P\u00daBLICOS MUNICIPAIS E POL\u00cdTICAS SOCIAIS DA 20\u00aa LEGISLATURA<\/td><td class=\"column-4\"><a href=\"https:\/\/www.cmsoledadedeminas.mg.gov.br\/v1\/wp-content\/uploads\/2026\/04\/Ata-da-5-Reuniao-da-Comissao-de-Servicos-Publicos-Muncipais-e-Politicas-Sociais.pdf\" target=\"_blank\">Download<\/a><\/td>\n<\/tr>\n<tr class=\"row-57\">\n\t<td class=\"column-1\">24\/03\/2025<\/td><td class=\"column-2\">COMISS\u00c3O DE FINAN\u00c7AS<\/td><td class=\"column-3\">ATA DA 3\u00aa REUNI\u00c3O DA COMISS\u00c3O DE FINAN\u00c7AS, OR\u00c7AMENTOS FISCALIZA\u00c7\u00c3O FINANCEIRA<\/td><td class=\"column-4\"><a href=\"https:\/\/www.cmsoledadedeminas.mg.gov.br\/v1\/wp-content\/uploads\/2026\/04\/Ata-da-3-Reuniao-da-Comissao-de-Financas-Orcamento-e-Fiscalizacao-Financeira.pdf\" target=\"_blank\">Download<\/a><\/td>\n<\/tr>\n<tr class=\"row-58\">\n\t<td class=\"column-1\">24\/03\/2025<\/td><td class=\"column-2\">EXTRAORDIN\u00c1RIA<\/td><td class=\"column-3\">ATA DA 3\u00aa SESS\u00c3O EXTRAORDIN\u00c1RIA DO PRIMEIRO ANO DA 20\u00aa LEGISLATURA<\/td><td class=\"column-4\"><a href=\"https:\/\/www.cmsoledadedeminas.mg.gov.br\/v1\/wp-content\/uploads\/2026\/04\/Ata-da-3-Sessao-Extraordinaria.pdf\" target=\"_blank\">Download<\/a><\/td>\n<\/tr>\n<tr class=\"row-59\">\n\t<td class=\"column-1\">17\/03\/2025<\/td><td class=\"column-2\">ORDIN\u00c1RIA<\/td><td class=\"column-3\">ATA DA 6\u00aa SESS\u00c3O ORDIN\u00c1RIA DO PRIMEIRO ANO DA 20\u00aa LEGISLATURA<\/td><td class=\"column-4\"><a href=\"https:\/\/www.cmsoledadedeminas.mg.gov.br\/v1\/wp-content\/uploads\/2026\/04\/Ata-da-6-Reuniao-Ordinaria.pdf\" target=\"_blank\">Download<\/a><\/td>\n<\/tr>\n<tr class=\"row-60\">\n\t<td class=\"column-1\">06\/03\/2025<\/td><td class=\"column-2\">COMISS\u00c3O ESPECIAL<\/td><td class=\"column-3\">ATA DA REUNI\u00c3O DA COMISS\u00c3O ESPECIAL DA 20\u00aa LEGISLATURA - veto 04 de 2025<\/td><td class=\"column-4\"><a href=\"https:\/\/www.cmsoledadedeminas.mg.gov.br\/v1\/wp-content\/uploads\/2026\/04\/Ata-da-Reuniao-da-Comissao-Especial-veto-04-de-2025.pdf\" target=\"_blank\">Download<\/a><\/td>\n<\/tr>\n<tr class=\"row-61\">\n\t<td class=\"column-1\">06\/03\/2025<\/td><td class=\"column-2\">COMISS\u00c3O DE SERVI\u00c7OS P\u00daBLICOS<\/td><td class=\"column-3\">ATA DA 4\u00aa REUNI\u00c3O DA COMISS\u00c3O DE SERVI\u00c7OS P\u00daBLICOS MUNICIPAIS E POL\u00cdTICAS SOCIAIS DA 20\u00aa LEGISLATURA<\/td><td class=\"column-4\"><a href=\"https:\/\/www.cmsoledadedeminas.mg.gov.br\/v1\/wp-content\/uploads\/2026\/04\/Ata-da-4-Reuniao-da-Comissao-de-Servicos-Publicos-Muncipais-e-Politicas-Sociais.pdf\" target=\"_blank\">Download<\/a><\/td>\n<\/tr>\n<tr class=\"row-62\">\n\t<td class=\"column-1\">06\/03\/2025<\/td><td class=\"column-2\">COMISS\u00c3O DE SERVI\u00c7OS P\u00daBLICOS<\/td><td class=\"column-3\">ATA DA 3\u00aa REUNI\u00c3O DA COMISS\u00c3O DE SERVI\u00c7OS P\u00daBLICOS MUNICIPAIS E POL\u00cdTICAS SOCIAIS DA 20\u00aa LEGISLATURA<\/td><td class=\"column-4\"><a href=\"https:\/\/www.cmsoledadedeminas.mg.gov.br\/v1\/wp-content\/uploads\/2026\/04\/Ata-da-3-Reuniao-da-Comissao-de-Servicos-Publicos-Muncipais-e-Politicas-Sociais.pdf\" target=\"_blank\">Download<\/a><\/td>\n<\/tr>\n<tr class=\"row-63\">\n\t<td class=\"column-1\">06\/03\/2025<\/td><td class=\"column-2\">COMISS\u00c3O DE FINAN\u00c7AS<\/td><td class=\"column-3\">ATA DA 2\u00aa REUNI\u00c3O DA COMISS\u00c3O DE FINAN\u00c7AS, OR\u00c7AMENTOS FISCALIZA\u00c7\u00c3O FINANCEIRA<\/td><td class=\"column-4\"><a href=\"https:\/\/www.cmsoledadedeminas.mg.gov.br\/v1\/wp-content\/uploads\/2026\/04\/Ata-da-2-Reuniao-da-Comissao-de-Financas-Orcamento-e-Fiscalizacao-Financeira.pdf\" target=\"_blank\">Download<\/a><\/td>\n<\/tr>\n<tr class=\"row-64\">\n\t<td class=\"column-1\">06\/03\/2025<br \/>\n<\/td><td class=\"column-2\">ORDIN\u00c1RIA<\/td><td class=\"column-3\">ATA DA 5\u00aa SESS\u00c3O ORDIN\u00c1RIA DO PRIMEIRO ANO DA 20\u00aa LEGISLATURA<\/td><td class=\"column-4\"><a href=\"https:\/\/www.cmsoledadedeminas.mg.gov.br\/v1\/wp-content\/uploads\/2026\/04\/Ata-da-5-Reuniao-Ordinaria.pdf\" target=\"_blank\">Download<\/a><\/td>\n<\/tr>\n<tr class=\"row-65\">\n\t<td class=\"column-1\">17\/02\/2025<\/td><td class=\"column-2\">COMISS\u00c3O ESPECIAL<\/td><td class=\"column-3\">ATA DA REUNI\u00c3O DA COMISS\u00c3O ESPECIAL DA 20\u00aa LEGISLATURA - veto 03 de 2025<\/td><td class=\"column-4\"><a href=\"https:\/\/www.cmsoledadedeminas.mg.gov.br\/v1\/wp-content\/uploads\/2026\/04\/Ata-da-Reuniao-da-Comissao-Especial-veto-03-de-2025.pdf\" target=\"_blank\">Download<\/a><\/td>\n<\/tr>\n<tr class=\"row-66\">\n\t<td class=\"column-1\">17\/02\/2025<br \/>\n<\/td><td class=\"column-2\">ORDIN\u00c1RIA<\/td><td class=\"column-3\">ATA DA 4\u00aa SESS\u00c3O ORDIN\u00c1RIA DO PRIMEIRO ANO DA 20\u00aa LEGISLATURA<\/td><td class=\"column-4\"><a href=\"https:\/\/www.cmsoledadedeminas.mg.gov.br\/v1\/wp-content\/uploads\/2026\/04\/Ata-da-4-Sessao-Ordinaria-de-2025.pdf\" target=\"_blank\">Download<\/a><\/td>\n<\/tr>\n<tr class=\"row-67\">\n\t<td class=\"column-1\">03\/02\/2025<\/td><td class=\"column-2\">ORDIN\u00c1RIA<\/td><td class=\"column-3\">ATA DA 3\u00aa SESS\u00c3O ORDIN\u00c1RIA DO PRIMEIRO ANO DA 20\u00aa LEGISLATURA<\/td><td class=\"column-4\"><a href=\"https:\/\/www.cmsoledadedeminas.mg.gov.br\/v1\/wp-content\/uploads\/2026\/04\/Ata-da-3-Sessao-Ordinaria-de-2025.pdf\" target=\"_blank\">Download<\/a><\/td>\n<\/tr>\n<tr class=\"row-68\">\n\t<td class=\"column-1\">26\/01\/2025<\/td><td class=\"column-2\">COMISS\u00c3O ESPECIAL<\/td><td class=\"column-3\">ATA DA REUNI\u00c3O DA COMISS\u00c3O ESPECIAL DA 20\u00aa LEGISLATURA - veto 02 de 2025<\/td><td class=\"column-4\"><a href=\"https:\/\/www.cmsoledadedeminas.mg.gov.br\/v1\/wp-content\/uploads\/2026\/04\/Ata-da-Reuniao-da-Comissao-Especial-veto-02-de-2025.pdf\" target=\"_blank\">Download<\/a><\/td>\n<\/tr>\n<tr class=\"row-69\">\n\t<td class=\"column-1\">24\/01\/2025<\/td><td class=\"column-2\">COMISS\u00c3O DE LEGISLA\u00c7\u00c3O<\/td><td class=\"column-3\">ATA DA 2\u00aa REUNI\u00c3O DA COMISS\u00c3O DE LEGISLA\u00c7\u00c3O, JUSTI\u00c7A \u0415<br \/>\nREDA\u00c7\u00c3O DA 20\u00aa LEGISLATURA<\/td><td class=\"column-4\"><a href=\"https:\/\/www.cmsoledadedeminas.mg.gov.br\/v1\/wp-content\/uploads\/2026\/04\/Ata-da-2-Reuniao-da-Comissao-de-Legislacao-justica-e-redacao.pdf\" target=\"_blank\">Download<\/a><\/td>\n<\/tr>\n<tr class=\"row-70\">\n\t<td class=\"column-1\">23\/01\/2025<\/td><td class=\"column-2\">COMISS\u00c3O DE SERVI\u00c7OS P\u00daBLICOS<\/td><td class=\"column-3\">ATA DA 1\u00aa REUNI\u00c3O DA COMISS\u00c3O DE SERVI\u00c7OS P\u00daBLICOS MUNICIPAIS E POL\u00cdTICAS SOCIAIS DA 20\u00aa LEGISLATURA<\/td><td class=\"column-4\"><a href=\"https:\/\/www.cmsoledadedeminas.mg.gov.br\/v1\/wp-content\/uploads\/2026\/04\/Ata-da-1-Reuniao-da-Comissao-de-Servicos-Publicos-Muncipais-e-Politicas-Sociais.pdf\" target=\"_blank\">Download<\/a><\/td>\n<\/tr>\n<tr class=\"row-71\">\n\t<td class=\"column-1\">23\/01\/2025<\/td><td class=\"column-2\">COMISS\u00c3O DE LEGISLA\u00c7\u00c3O<\/td><td class=\"column-3\">ATA DA 1\u00aa REUNI\u00c3O DA COMISS\u00c3O DE LEGISLA\u00c7\u00c3O, JUSTI\u00c7A \u0415<br \/>\nREDA\u00c7\u00c3O DA 20\u00aa LEGISLATURA<\/td><td class=\"column-4\"><a href=\"https:\/\/www.cmsoledadedeminas.mg.gov.br\/v1\/wp-content\/uploads\/2026\/04\/Ata-da-1-Reuniao-da-Comissao-de-Legislacao-justica-e-redacao.pdf\" target=\"_blank\">Download<\/a><\/td>\n<\/tr>\n<tr class=\"row-72\">\n\t<td class=\"column-1\">23\/01\/2025<\/td><td class=\"column-2\">COMISS\u00c3O DE FINAN\u00c7AS<\/td><td class=\"column-3\">ATA DA 1\u00aa REUNI\u00c3O DA COMISS\u00c3O DE FINAN\u00c7AS, OR\u00c7AMENTOS FISCALIZA\u00c7\u00c3O FINANCEIRA<\/td><td class=\"column-4\"><a href=\"https:\/\/www.cmsoledadedeminas.mg.gov.br\/v1\/wp-content\/uploads\/2026\/04\/Ata-da-1-Reuniao-da-Comissao-de-Financas-Orcamento-e-Fiscalizacao-Financeira.pdf\" target=\"_blank\">Download<\/a><\/td>\n<\/tr>\n<tr class=\"row-73\">\n\t<td class=\"column-1\">23\/01\/2025<\/td><td class=\"column-2\">EXTRAORDIN\u00c1RIA<\/td><td class=\"column-3\">ATA DA 2\u00aa SESS\u00c3O EXTRAORDIN\u00c1RIA DO PRIMEIRO ANO DA 20\u00aa LEGISLATURA<\/td><td class=\"column-4\"><a href=\"https:\/\/www.cmsoledadedeminas.mg.gov.br\/v1\/wp-content\/uploads\/2026\/04\/Ata-da-2-Sessao-Extraordinaria-de-2025.pdf\" target=\"_blank\">Download<\/a><\/td>\n<\/tr>\n<tr class=\"row-74\">\n\t<td class=\"column-1\">20\/01\/2025<\/td><td class=\"column-2\">ORDIN\u00c1RIA<\/td><td class=\"column-3\">ATA DA 2\u00aa SESS\u00c3O ORDIN\u00c1RIA DO PRIMEIRO ANO DA 20\u00aa LEGISLATURA<\/td><td class=\"column-4\"><a href=\"https:\/\/www.cmsoledadedeminas.mg.gov.br\/v1\/wp-content\/uploads\/2026\/04\/Ata-da-2-Sessao-Ordinaria-de-2025.pdf\" target=\"_blank\">Download<\/a><\/td>\n<\/tr>\n<tr class=\"row-75\">\n\t<td class=\"column-1\">17\/01\/2025<\/td><td class=\"column-2\">COMISS\u00c3O DE SERVI\u00c7OS P\u00daBLICOS<\/td><td class=\"column-3\">ATA DA 2\u00aa REUNI\u00c3O DA COMISS\u00c3O DE SERVI\u00c7OS P\u00daBLICOS MUNICIPAIS E POL\u00cdTICAS SOCIAIS DA 20\u00aa LEGISLATURA<\/td><td class=\"column-4\"><a href=\"https:\/\/www.cmsoledadedeminas.mg.gov.br\/v1\/wp-content\/uploads\/2026\/04\/Ata-da-2-Reuniao-da-Comissao-de-Servicos-Publicos-Muncipais-e-Politicas-Sociais.pdf\" target=\"_blank\">Download<\/a><\/td>\n<\/tr>\n<tr class=\"row-76\">\n\t<td class=\"column-1\">08\/01\/2025<\/td><td class=\"column-2\">COMISS\u00c3O ESPECIAL <\/td><td class=\"column-3\">ATA DA REUNI\u00c3O DA COMISS\u00c3O ESPECIAL DA 20\u00aa LEGISLATURA - veto 01 de 2025<\/td><td class=\"column-4\"><a href=\"https:\/\/www.cmsoledadedeminas.mg.gov.br\/v1\/wp-content\/uploads\/2026\/04\/Ata-da-Reuniao-da-Comissao-Especial-veto-01-de-2025.pdf\" target=\"_blank\">Download<\/a><\/td>\n<\/tr>\n<tr class=\"row-77\">\n\t<td class=\"column-1\">08\/01\/2025<\/td><td class=\"column-2\">EXTRAORDIN\u00c1RIA<\/td><td class=\"column-3\">ATA DA 1\u00aa SESS\u00c3O EXTRAORDIN\u00c1RIA DO PRIMEIRO ANO DA 20\u00aa LEGISLATURA<\/td><td class=\"column-4\"><a href=\"https:\/\/www.cmsoledadedeminas.mg.gov.br\/v1\/wp-content\/uploads\/2026\/04\/Ata-da-1-Sessao-Extraordinaria-de-2025.pdf\" target=\"_blank\">Download<\/a><\/td>\n<\/tr>\n<tr class=\"row-78\">\n\t<td class=\"column-1\">06\/01\/2025<\/td><td class=\"column-2\">ORDIN\u00c1RIA<\/td><td class=\"column-3\">ATA DA 1\u00aa SESS\u00c3O  ORDIN\u00c1RIA DO PRIMEIRO ANO DA 20\u00aa LEGISLATURA<\/td><td class=\"column-4\"><a href=\"https:\/\/www.cmsoledadedeminas.mg.gov.br\/v1\/wp-content\/uploads\/2026\/04\/Ata-da-1-Sessao-Ordinaria-de-2025.pdf\" target=\"_blank\">Download<\/a><\/td>\n<\/tr>\n<tr class=\"row-79\">\n\t<td class=\"column-1\">01\/01\/2025<\/td><td class=\"column-2\">SOLENE<\/td><td class=\"column-3\">ATA DA SESS\u00c3O SOLENE DE INSTALA\u00c7\u00c3O DA 20\u00aa LEGISLATURA<\/td><td class=\"column-4\"><a href=\"https:\/\/www.cmsoledadedeminas.mg.gov.br\/v1\/wp-content\/uploads\/2026\/04\/Ata-da-Sessao-de-Instalacao-de-2025.pdf\" target=\"_blank\">Download<\/a><\/td>\n<\/tr>\n<\/tbody>\n<\/table>\n<!-- #tablepress-26 from cache -->\t\t\t\t<\/div>\n\t\t\t\t\t<\/div>\n\t\t<\/div>\n\t\t\t\t\t<\/div>\n\t\t<\/section>\n\t\t\t\t<\/div>\n\t\t","protected":false},"excerpt":{"rendered":"<p>Home Atas &#8211; 2025<\/p>\n","protected":false},"author":1,"featured_media":0,"parent":1480,"menu_order":0,"comment_status":"closed","ping_status":"closed","template":"page-templates\/no-wrapper.php","meta":{"footnotes":""},"class_list":["post-2408","page","type-page","status-publish"],"_links":{"self":[{"href":"https:\/\/www.cmsoledadedeminas.mg.gov.br\/v1\/wp-json\/wp\/v2\/pages\/2408","targetHints":{"allow":["GET"]}}],"collection":[{"href":"https:\/\/www.cmsoledadedeminas.mg.gov.br\/v1\/wp-json\/wp\/v2\/pages"}],"about":[{"href":"https:\/\/www.cmsoledadedeminas.mg.gov.br\/v1\/wp-json\/wp\/v2\/types\/page"}],"author":[{"embeddable":true,"href":"https:\/\/www.cmsoledadedeminas.mg.gov.br\/v1\/wp-json\/wp\/v2\/users\/1"}],"replies":[{"embeddable":true,"href":"https:\/\/www.cmsoledadedeminas.mg.gov.br\/v1\/wp-json\/wp\/v2\/comments?post=2408"}],"version-history":[{"count":4,"href":"https:\/\/www.cmsoledadedeminas.mg.gov.br\/v1\/wp-json\/wp\/v2\/pages\/2408\/revisions"}],"predecessor-version":[{"id":2412,"href":"https:\/\/www.cmsoledadedeminas.mg.gov.br\/v1\/wp-json\/wp\/v2\/pages\/2408\/revisions\/2412"}],"up":[{"embeddable":true,"href":"https:\/\/www.cmsoledadedeminas.mg.gov.br\/v1\/wp-json\/wp\/v2\/pages\/1480"}],"wp:attachment":[{"href":"https:\/\/www.cmsoledadedeminas.mg.gov.br\/v1\/wp-json\/wp\/v2\/media?parent=2408"}],"curies":[{"name":"wp","href":"https:\/\/api.w.org\/{rel}","templated":true}]}}