{"id":2381,"date":"2026-03-06T02:39:45","date_gmt":"2026-03-06T02:39:45","guid":{"rendered":"https:\/\/www.cmsoledadedeminas.mg.gov.br\/v1\/?page_id=2381"},"modified":"2026-03-18T18:59:33","modified_gmt":"2026-03-18T18:59:33","slug":"leis-sancionadas-2022","status":"publish","type":"page","link":"https:\/\/www.cmsoledadedeminas.mg.gov.br\/v1\/documentos\/leis\/leis-sancionadas\/leis-sancionadas-2022\/","title":{"rendered":"Leis Sancionadas &#8211; 2022"},"content":{"rendered":"\t\t<div data-elementor-type=\"wp-page\" data-elementor-id=\"2381\" class=\"elementor elementor-2381\">\n\t\t\t\t\t\t<section class=\"has-el-gap el-gap-default elementor-section elementor-top-section elementor-element elementor-element-229664 elementor-section-boxed elementor-section-height-default elementor-section-height-default\" data-id=\"229664\" data-element_type=\"section\">\n\t\t\t\t\t\t<div class=\"elementor-container elementor-column-gap-no\">\n\t\t\t\t\t<div class=\"elementor-column elementor-col-100 elementor-top-column elementor-element elementor-element-243619c1\" data-id=\"243619c1\" data-element_type=\"column\">\n\t\t\t<div class=\"elementor-widget-wrap elementor-element-populated\">\n\t\t\t\t\t\t<div class=\"elementor-element elementor-element-7bcf152a elementor-widget elementor-widget-smartmag-breadcrumbs\" data-id=\"7bcf152a\" data-element_type=\"widget\" data-widget_type=\"smartmag-breadcrumbs.default\">\n\t\t\t\t<div class=\"elementor-widget-container\">\n\t\t\t\t\t<nav class=\"breadcrumbs ts-contain breadcrumbs-a\" id=\"breadcrumb\"><div class=\"inner ts-contain \"><span class=\"current\">Home<\/span><\/div><\/nav>\t\t\t\t<\/div>\n\t\t\t\t<\/div>\n\t\t\t\t\t<\/div>\n\t\t<\/div>\n\t\t\t\t\t<\/div>\n\t\t<\/section>\n\t\t\t\t<section class=\"has-el-gap el-gap-default elementor-section elementor-top-section elementor-element elementor-element-853a81e elementor-section-boxed elementor-section-height-default elementor-section-height-default\" data-id=\"853a81e\" data-element_type=\"section\">\n\t\t\t\t\t\t<div class=\"elementor-container elementor-column-gap-no\">\n\t\t\t\t\t<div class=\"elementor-column elementor-col-100 elementor-top-column elementor-element elementor-element-4380d0af\" data-id=\"4380d0af\" data-element_type=\"column\">\n\t\t\t<div class=\"elementor-widget-wrap elementor-element-populated\">\n\t\t\t\t\t\t<div class=\"elementor-element elementor-element-2a529a78 elementor-widget elementor-widget-heading\" data-id=\"2a529a78\" data-element_type=\"widget\" data-widget_type=\"heading.default\">\n\t\t\t\t\t<h2 class=\"elementor-heading-title elementor-size-default\">Leis Sancionadas - 2022<\/h2>\t\t\t\t<\/div>\n\t\t\t\t\t<\/div>\n\t\t<\/div>\n\t\t\t\t\t<\/div>\n\t\t<\/section>\n\t\t\t\t<section class=\"has-el-gap el-gap-default elementor-section elementor-top-section elementor-element elementor-element-296499ea elementor-section-boxed elementor-section-height-default elementor-section-height-default\" data-id=\"296499ea\" data-element_type=\"section\">\n\t\t\t\t\t\t<div class=\"elementor-container elementor-column-gap-no\">\n\t\t\t\t\t<div class=\"elementor-column elementor-col-100 elementor-top-column elementor-element elementor-element-287c4bc2\" data-id=\"287c4bc2\" data-element_type=\"column\">\n\t\t\t<div class=\"elementor-widget-wrap elementor-element-populated\">\n\t\t\t\t\t\t<div class=\"elementor-element elementor-element-6d5048f0 elementor-widget elementor-widget-spacer\" data-id=\"6d5048f0\" data-element_type=\"widget\" data-widget_type=\"spacer.default\">\n\t\t\t\t\t\t\t<div class=\"elementor-spacer\">\n\t\t\t<div class=\"elementor-spacer-inner\"><\/div>\n\t\t<\/div>\n\t\t\t\t\t\t<\/div>\n\t\t\t\t\t<\/div>\n\t\t<\/div>\n\t\t\t\t\t<\/div>\n\t\t<\/section>\n\t\t\t\t<section class=\"has-el-gap el-gap-default elementor-section elementor-top-section elementor-element elementor-element-48f8c4e7 elementor-section-boxed elementor-section-height-default elementor-section-height-default\" data-id=\"48f8c4e7\" data-element_type=\"section\">\n\t\t\t\t\t\t<div class=\"elementor-container elementor-column-gap-no\">\n\t\t\t\t\t<div class=\"elementor-column elementor-col-100 elementor-top-column elementor-element elementor-element-a5b7aad\" data-id=\"a5b7aad\" data-element_type=\"column\">\n\t\t\t<div class=\"elementor-widget-wrap elementor-element-populated\">\n\t\t\t\t\t\t<div class=\"elementor-element elementor-element-3e1aba61 elementor-widget elementor-widget-html\" data-id=\"3e1aba61\" data-element_type=\"widget\" data-widget_type=\"html.default\">\n\t\t\t\t\t\n<table id=\"tablepress-33\" class=\"tablepress tablepress-id-33\">\n<thead>\n<tr class=\"row-1\">\n\t<th class=\"column-1\">Publica\u00e7\u00e3o<\/th><th class=\"column-2\">Tipo<\/th><th class=\"column-3\">Descri\u00e7\u00e3o<\/th><th class=\"column-4\">Download<\/th>\n<\/tr>\n<\/thead>\n<tbody class=\"row-striping row-hover\">\n<tr class=\"row-2\">\n\t<td class=\"column-1\">16\/08\/2022<\/td><td class=\"column-2\">ORDIN\u00c1RIA<\/td><td class=\"column-3\"><strong>LEI ORDIN\u00c1RIA N\u00b0 1082\/22<\/strong><br \/>\n\"Disp\u00f5e sobre a autoriza\u00e7\u00e3o para o Munic\u00edpio de Soledade de Minas realizar obra de cobertura da arquibancada do campo de futebol e de eventuais outras obras no im\u00f3vel denominado: SEC - Soledade Esporte Clube e d\u00e1 outras provid\u00eancias.\"<\/td><td class=\"column-4\"><a href=\"https:\/\/www.cmsoledadedeminas.mg.gov.br\/v1\/wp-content\/uploads\/2026\/03\/Lei-Ordinaria-no-1082-2022.pdf\" target=\"_blank\">Download<\/a><\/td>\n<\/tr>\n<tr class=\"row-3\">\n\t<td class=\"column-1\">05\/08\/2022<\/td><td class=\"column-2\">ORDIN\u00c1RIA<\/td><td class=\"column-3\"><strong>LEI ORDIN\u00c1RIA N\u00b0 1081\/22<\/strong><br \/>\n\"Disp\u00f5e sobre a Altera\u00e7\u00e3o da Lei n\u00ba 1.065\/2021, que: \"Or\u00e7a \u0430 Receita e Fixa a Despesa do Munic\u00edpio de Soledade de Minas para o Exerc\u00edcio de 2022 e d\u00e1 outras provid\u00eancias.\"<br \/>\n<\/td><td class=\"column-4\"><a href=\"https:\/\/www.cmsoledadedeminas.mg.gov.br\/v1\/wp-content\/uploads\/2026\/03\/Lei-Ordinaria-no-1081-2022.pdf\" target=\"_blank\">Download<\/a><\/td>\n<\/tr>\n<tr class=\"row-4\">\n\t<td class=\"column-1\">04\/08\/2022<\/td><td class=\"column-2\">ORDIN\u00c1RIA<\/td><td class=\"column-3\"><strong>LEI ORDIN\u00c1RIA N\u00b0 1080\/22<\/strong><br \/>\n\"Disp\u00f5e sobre a autoriza\u00e7\u00e3o Minas adquirir para o Munic\u00edpio de Soledade de insumo pecu\u00e1rio, para fins de premia\u00e7\u00e3o festividades durante as da Eprosol 2022 e d\u00e1 outras provid\u00eancias.\"<br \/>\n<br \/>\n<\/td><td class=\"column-4\"><a href=\"https:\/\/www.cmsoledadedeminas.mg.gov.br\/v1\/wp-content\/uploads\/2026\/03\/Lei-Ordinaria-no-1080-2022.pdf\" target=\"_blank\">Download<\/a><\/td>\n<\/tr>\n<tr class=\"row-5\">\n\t<td class=\"column-1\">04\/08\/2022<\/td><td class=\"column-2\">ORDIN\u00c1RIA<\/td><td class=\"column-3\"><strong>LEI ORDIN\u00c1RIA N\u00b0 1079\/22<\/strong><br \/>\n\"Disp\u00f5e sobre a abertura Cr\u00e9ditos Suplementares com os recursos do Super\u00e1vit Financeiro apurado no Balan\u00e7o Patrimonial do Exerc\u00edcio Anterior e d\u00e1 outras provid\u00eancias.\"<br \/>\n<br \/>\n<\/td><td class=\"column-4\"><a href=\"https:\/\/www.cmsoledadedeminas.mg.gov.br\/v1\/wp-content\/uploads\/2026\/03\/Lei-Ordinaria-no-1079-2022.pdf\" target=\"_blank\">Download<\/a><\/td>\n<\/tr>\n<tr class=\"row-6\">\n\t<td class=\"column-1\">06\/07\/2022<\/td><td class=\"column-2\">ORDIN\u00c1RIA<\/td><td class=\"column-3\"><strong>LEI ORDIN\u00c1RIA N\u00b0 1078\/22<\/strong><br \/>\n\"Disp\u00f5e sobre a forma de concess\u00e3o de di\u00e1rias de viagem no \u00e2mbito da Administra\u00e7\u00e3o Municipal e determina outras provid\u00eancias.\"<br \/>\n<\/td><td class=\"column-4\"><a href=\"https:\/\/www.cmsoledadedeminas.mg.gov.br\/v1\/wp-content\/uploads\/2026\/03\/Lei-Ordinaria-no-1078-2022.pdf\" target=\"_blank\">Download<\/a><\/td>\n<\/tr>\n<tr class=\"row-7\">\n\t<td class=\"column-1\">21\/06\/2022<\/td><td class=\"column-2\">ORDIN\u00c1RIA<\/td><td class=\"column-3\"><strong>LEI ORDIN\u00c1RIA N\u00b0 1076\/22<\/strong><br \/>\n\"Disp\u00f5e sobre aprova\u00e7\u00e3o e ratifica\u00e7\u00e3o da primeira altera\u00e7\u00e3o consolidada do contrato de Cons\u00f3rcio P\u00fablico Intermunicipal Multifinalit\u00e1rio da Microrregi\u00e3o do Circuito das \u00c1guas CIMAG\/AMAG e d\u00e1 outras provid\u00eancias\".<\/td><td class=\"column-4\"><a href=\"https:\/\/www.cmsoledadedeminas.mg.gov.br\/v1\/wp-content\/uploads\/2026\/03\/Lei-Ordinaria-no-1076-2022.pdf\" target=\"_blank\">Download<\/a><\/td>\n<\/tr>\n<tr class=\"row-8\">\n\t<td class=\"column-1\">21\/06\/2022<\/td><td class=\"column-2\">ORDIN\u00c1RIA<\/td><td class=\"column-3\"><strong>LEI ORDIN\u00c1RIA N\u00b0 1075\/22<\/strong><br \/>\n\"Disp\u00f5e sobre a Institui\u00e7\u00e3o do Programa Vale Alimenta\u00e7\u00e3o aos Servidores do Poder Executivo Municipal e da Autarquia Municipal SAAE - Servi\u00e7o Aut\u00f4nomo de \u00c1gua e Esgoto e d\u00e1 outras provid\u00eancias\".<\/td><td class=\"column-4\"><a href=\"https:\/\/www.cmsoledadedeminas.mg.gov.br\/v1\/wp-content\/uploads\/2026\/03\/Lei-Ordinaria-no-1075-2022.pdf\" target=\"_blank\">Download<\/a><\/td>\n<\/tr>\n<tr class=\"row-9\">\n\t<td class=\"column-1\">19\/04\/2022<\/td><td class=\"column-2\">ORDIN\u00c1RIA<\/td><td class=\"column-3\"><strong>LEI ORDIN\u00c1RIA N\u00b0 1073\/22<\/strong><br \/>\n\"Disp\u00f5e sobre o reajuste salarial dos Profissionais do Magist\u00e9rio P\u00fablico Municipal e cont\u00e9m outras provid\u00eancias\"<\/td><td class=\"column-4\"><a href=\"https:\/\/www.cmsoledadedeminas.mg.gov.br\/v1\/wp-content\/uploads\/2026\/03\/Lei-Ordinaria-no-1073-2022.pdf\" target=\"_blank\">Download<\/a><\/td>\n<\/tr>\n<tr class=\"row-10\">\n\t<td class=\"column-1\">19\/04\/2022<\/td><td class=\"column-2\">ORDIN\u00c1RIA<\/td><td class=\"column-3\"><strong>LEI ORDIN\u00c1RIA N\u00b0 1072\/22<\/strong><br \/>\n\" Disp\u00f5e sobre a altera\u00e7\u00e3o da Lei Municipal n\u00b0 1.07087\/2022, que \u201cAutoriza a concess\u00e3o de subven\u00e7\u00f5es sociais e contribui\u00e7\u00f5es correntes no exerc\u00edcio de 2022 e cont\u00e9m outras provid\u00eancias\"<\/td><td class=\"column-4\"><a href=\"https:\/\/www.cmsoledadedeminas.mg.gov.br\/v1\/wp-content\/uploads\/2026\/03\/Lei-Ordinaria-no-1072-2022.pdf\" target=\"_blank\">Download<\/a><\/td>\n<\/tr>\n<tr class=\"row-11\">\n\t<td class=\"column-1\">23\/02\/2022<\/td><td class=\"column-2\">ORDIN\u00c1RIA<\/td><td class=\"column-3\"><strong>LEI ORDIN\u00c1RIA N\u00b0 1070\/22<\/strong><br \/>\n\"Autoriza a concess\u00e3o de subven\u00e7\u00f5es sociais e contribui\u00e7\u00f5es correntes no exerc\u00edcio de 2022 e cont\u00e9m outras provid\u00eancias\".<br \/>\n<\/td><td class=\"column-4\"><a href=\"https:\/\/www.cmsoledadedeminas.mg.gov.br\/v1\/wp-content\/uploads\/2026\/03\/Lei-ordinaria-1070-de-2022.pdf\" target=\"_blank\">Download<\/a><\/td>\n<\/tr>\n<tr class=\"row-12\">\n\t<td class=\"column-1\">25\/01\/2022<\/td><td class=\"column-2\">ORDIN\u00c1RIA<\/td><td class=\"column-3\"><strong>LEI ORDIN\u00c1RIA N\u00b0 1069\/22<\/strong><br \/>\n\"Disp\u00f5e sobre o reajuste salarial dos Servidores P\u00fablicos Municipais ativos e inativos, Profissionais do Magist\u00e9rio P\u00fablico Municipal e cont\u00e9m outras provid\u00eancias\".<br \/>\n<\/td><td class=\"column-4\"><a href=\"https:\/\/www.cmsoledadedeminas.mg.gov.br\/v1\/wp-content\/uploads\/2026\/03\/Lei-Ordinaria-1069-de-2022.pdf\" target=\"_blank\">Download<\/a><\/td>\n<\/tr>\n<tr class=\"row-13\">\n\t<td class=\"column-1\">29\/12\/2022<\/td><td class=\"column-2\">COMPLEMENTAR<\/td><td class=\"column-3\"><strong>LEI COMPLEMENTAR N\u00b0 1094\/22<\/strong><br \/>\n\"Institui o Plano Municipal de Saneamento B\u00e1sico (PMSB), do Munic\u00edpio de Soledade de Minas, cria o Conselho Municipal de Saneamento B\u00e1sico e o Fundo Municipal de Saneamento B\u00e1sico e d\u00e1 outras provid\u00eancias\"<br \/>\n<\/td><td class=\"column-4\"><a href=\"https:\/\/www.cmsoledadedeminas.mg.gov.br\/v1\/wp-content\/uploads\/2026\/03\/Lei-no-1094-2022.pdf\" target=\"_blank\">Download<\/a><\/td>\n<\/tr>\n<tr class=\"row-14\">\n\t<td class=\"column-1\">29\/12\/2022<\/td><td class=\"column-2\">COMPLEMENTAR<\/td><td class=\"column-3\"><strong>LEI COMPLEMENTAR N\u00b0 1093\/22<\/strong><br \/>\n\u201cAutoriza o leil\u00e3o de ve\u00edculos automotores inserv\u00edveis a\u043e Patrim\u00f4nio P\u00fablico Municipal e d\u00e1 outras provid\u00eancias.\"<br \/>\n<\/td><td class=\"column-4\"><a href=\"https:\/\/www.cmsoledadedeminas.mg.gov.br\/v1\/wp-content\/uploads\/2026\/03\/Lei-no-1093-2022.pdf\" target=\"_blank\">Download<\/a><\/td>\n<\/tr>\n<tr class=\"row-15\">\n\t<td class=\"column-1\">20\/12\/2022<\/td><td class=\"column-2\">COMPLEMENTAR<\/td><td class=\"column-3\"><strong>LEI COMPLEMENTAR N\u00b0 1091\/22<\/strong><br \/>\n\"Or\u00e7a a Receita e Fixa a Despesa do Munic\u00edpio de Soledade de Minas para o Exerc\u00edcio de 2023 e d\u00e1 outras provid\u00eancias.\"<br \/>\n<\/td><td class=\"column-4\"><a href=\"https:\/\/www.cmsoledadedeminas.mg.gov.br\/v1\/wp-content\/uploads\/2026\/03\/Lei-no-1091-2022.pdf\" target=\"_blank\">Download<\/a><\/td>\n<\/tr>\n<tr class=\"row-16\">\n\t<td class=\"column-1\">19\/04\/2022<\/td><td class=\"column-2\">COMPLEMENTAR<\/td><td class=\"column-3\"><strong>LEI COMPLEMENTAR N\u00b0 1074\/22<\/strong><br \/>\n\"Disp\u00f5e sobre a autoriza\u00e7\u00e3o para o Poder Executivo Municipal formalizar conv\u00eanio com o Municipio de S\u00e3o Louren\u00e7o\/MG, para o acolhimento institucional de crian\u00e7as e adolescentes em situa\u00e7\u00e3o de vulnerabilidade d\u00e1 outras provid\u00eancias\"<\/td><td class=\"column-4\"><a href=\"https:\/\/www.cmsoledadedeminas.mg.gov.br\/v1\/wp-content\/uploads\/2026\/03\/Lei-no-1074.pdf\" target=\"_blank\">Download<\/a><\/td>\n<\/tr>\n<tr class=\"row-17\">\n\t<td class=\"column-1\">21\/06\/2022<\/td><td class=\"column-2\">COMPLEMENTAR<\/td><td class=\"column-3\"><strong>LEI COMPLEMENTAR N\u00b0 1077\/22<\/strong><br \/>\nDisp\u00f5e sobre as diretrizes or\u00e7ament\u00e1rias para o exerc\u00edcio financeiro de 2023.<\/td><td class=\"column-4\"><a href=\"https:\/\/www.cmsoledadedeminas.mg.gov.br\/v1\/wp-content\/uploads\/2026\/03\/Lei-Municipal-no-1077_compressed-1.pdf\" target=\"_blank\">Download<\/a><\/td>\n<\/tr>\n<tr class=\"row-18\">\n\t<td class=\"column-1\">23\/03\/2022<\/td><td class=\"column-2\">COMPLEMENTAR<\/td><td class=\"column-3\"><strong>LEI COMPLEMENTAR N\u00b0 85\/22<\/strong><br \/>\nFIXA A CARGA HOR\u00c1RIA PARA O CARGO DE ASSESSOR JUR\u00cdDICO, ALTERA OS REQUISITOS PARA O INGRESSO E D\u00c1 OUTRAS PROVID\u00caNCIAS.<br \/>\n<br \/>\n<\/td><td class=\"column-4\"><a href=\"https:\/\/www.cmsoledadedeminas.mg.gov.br\/v1\/wp-content\/uploads\/2026\/03\/Lei-Complementar-no-85-de-2022.pdf\" target=\"_blank\">Download<\/a><\/td>\n<\/tr>\n<tr class=\"row-19\">\n\t<td class=\"column-1\">23\/05\/2022<\/td><td class=\"column-2\">COMPLEMENTAR<\/td><td class=\"column-3\"><strong>LEI COMPLEMENTAR N\u00b0 86\/22<\/strong><br \/>\n\"Disp\u00f5e sobre a cria\u00e7\u00e3o de cargos na estrutura do Munic\u00edpio de Soledade de Minas e d\u00e1 outras provid\u00eancias\".<br \/>\n<\/td><td class=\"column-4\"><a href=\"https:\/\/www.cmsoledadedeminas.mg.gov.br\/v1\/wp-content\/uploads\/2026\/03\/Lei-Complementar-86-de-2022.pdf\" target=\"_blank\">Download<\/a><\/td>\n<\/tr>\n<tr class=\"row-20\">\n\t<td class=\"column-1\">20\/12\/2022<\/td><td class=\"column-2\">ORDIN\u00c1RIA<\/td><td class=\"column-3\"><strong>LEI ORDIN\u00c1RIA N\u00b0 1092\/22<\/strong><br \/>\nACRESCE O PAR\u00c1GRAFO TERCEIRO NO ARTIGO 2\u00b0 DA LEI ORDIN\u00c1RIA N\u00b0 1083\/2022 QUE DISP\u00d5E SOBRE A CRIA\u00c7\u00c3O DO BENEF\u00cdCIO VALE ALIMENTA\u00c7\u00c3O NO \u00c2MBITO DO PODER LEGISLATIVO MUNICIPAL E CONT\u00c9M OUTRAS PROVID\u00caNCIAS<\/td><td class=\"column-4\"><a href=\"https:\/\/www.cmsoledadedeminas.mg.gov.br\/v1\/wp-content\/uploads\/2026\/03\/Lei-Ordinaria-no-1092-2022.pdf\" target=\"_blank\">Download<\/a><\/td>\n<\/tr>\n<tr class=\"row-21\">\n\t<td class=\"column-1\">20\/12\/2022<\/td><td class=\"column-2\">ORDIN\u00c1RIA<\/td><td class=\"column-3\"><strong>LEI ORDIN\u00c1RIA N\u00b0 1091\/22<\/strong><br \/>\nACRESCE O PAR\u00c1GRAFO TERCEIRO NO ARTIGO 2\u00b0 DA LEI ORDIN\u00c1RIA N\u00b0 1083\/2022 QUE DISP\u00d5E SOBRE A CRIA\u00c7\u00c3O DO BENEF\u00cdCIO VALE ALIMENTA\u00c7\u00c3O NO \u00c2MBITO DO PODER LEGISLATIVO MUNICIPAL E CONT\u00c9M OUTRAS PROVID\u00caNCIAS.<\/td><td class=\"column-4\"><a href=\"https:\/\/www.cmsoledadedeminas.mg.gov.br\/v1\/wp-content\/uploads\/2026\/03\/Lei-Ordinaria-no-1092-2022.pdf\" target=\"_blank\">Download<\/a><\/td>\n<\/tr>\n<tr class=\"row-22\">\n\t<td class=\"column-1\">09\/11\/2022<\/td><td class=\"column-2\">ORDIN\u00c1RIA<\/td><td class=\"column-3\"><strong>LEI ORDIN\u00c1RIA N\u00b0 1087\/22<\/strong><br \/>\nDISP\u00d5E SOBRE A NOMEA\u00c7\u00c3O DE LOGRADOURO P\u00daBLICO LOCALIZADO NO MUNIC\u00cdPIO DE SOLEDADE DE MINAS.<\/td><td class=\"column-4\"><a href=\"https:\/\/www.cmsoledadedeminas.mg.gov.br\/v1\/wp-content\/uploads\/2026\/03\/Lei-Ordinaria-no-1087-2022.pdf\" target=\"_blank\">Download<\/a><\/td>\n<\/tr>\n<tr class=\"row-23\">\n\t<td class=\"column-1\">20\/09\/2022<\/td><td class=\"column-2\">ORDIN\u00c1RIA<\/td><td class=\"column-3\"><strong>LEI ORDIN\u00c1RIA N\u00b0 1084\/22<\/strong><br \/>\n\"Disp\u00f5e sobre o reajuste salarial dos Agentes Comunit\u00e1rios de Sa\u00fade e dos Agentes de Combate \u00e0s Endemias do Munic\u00edpio de Soledade de Minas\/MG e cont\u00e9m outras provid\u00eancias\".<br \/>\n<\/td><td class=\"column-4\"><a href=\"https:\/\/www.cmsoledadedeminas.mg.gov.br\/v1\/wp-content\/uploads\/2026\/03\/Lei-Ordinaria-no-1084-de-2022.pdf\" target=\"_blank\">Download<\/a><\/td>\n<\/tr>\n<tr class=\"row-24\">\n\t<td class=\"column-1\">16\/08\/2022<\/td><td class=\"column-2\">ORDIN\u00c1RIA<\/td><td class=\"column-3\"><strong>LEI ORDIN\u00c1RIA N\u00b0 1083\/22<\/strong><br \/>\nDISP\u00d5E SOBRE A CRIA\u00c7\u00c3O DO BENEF\u00cdCIO VALE ALIMENTA\u00c7\u00c3O NO \u00c2MBITO DO PODER LEGISLATIVO MUNICIPAL E CONT\u00c9M OUTRAS PROVID\u00caNCIAS.<br \/>\n<\/td><td class=\"column-4\"><a href=\"https:\/\/www.cmsoledadedeminas.mg.gov.br\/v1\/wp-content\/uploads\/2026\/03\/Lei-Ordinaria-no-1083-2022.pdf\" target=\"_blank\">Download<\/a><\/td>\n<\/tr>\n<tr class=\"row-25\">\n\t<td class=\"column-1\">23\/02\/2022<\/td><td class=\"column-2\">ORDIN\u00c1RIA<\/td><td class=\"column-3\"><strong>LEI ORDIN\u00c1RIA N\u00b0 1071\/22<\/strong><br \/>\nDISP\u00d5E SOBRE O REAJUSTE DOS VENCIMENTOS DOS SERVIDORES DA C\u00c2MARA MUNICIPAL E RECOMPOSI\u00c7\u00c3O DOS AGENTES POL\u00cdTICOS DE SOLEDADE DE MINAS.<br \/>\n<\/td><td class=\"column-4\"><a href=\"https:\/\/www.cmsoledadedeminas.mg.gov.br\/v1\/wp-content\/uploads\/2026\/03\/Lei-1071-de-2022.pdf\" target=\"_blank\">Download<\/a><\/td>\n<\/tr>\n<\/tbody>\n<\/table>\n<!-- #tablepress-33 from cache -->\t\t\t\t<\/div>\n\t\t\t\t\t<\/div>\n\t\t<\/div>\n\t\t\t\t\t<\/div>\n\t\t<\/section>\n\t\t\t\t<\/div>\n\t\t","protected":false},"excerpt":{"rendered":"<p>Home Leis Sancionadas &#8211; 2022<\/p>\n","protected":false},"author":1,"featured_media":0,"parent":1076,"menu_order":0,"comment_status":"closed","ping_status":"closed","template":"page-templates\/no-wrapper.php","meta":{"footnotes":""},"class_list":["post-2381","page","type-page","status-publish"],"_links":{"self":[{"href":"https:\/\/www.cmsoledadedeminas.mg.gov.br\/v1\/wp-json\/wp\/v2\/pages\/2381","targetHints":{"allow":["GET"]}}],"collection":[{"href":"https:\/\/www.cmsoledadedeminas.mg.gov.br\/v1\/wp-json\/wp\/v2\/pages"}],"about":[{"href":"https:\/\/www.cmsoledadedeminas.mg.gov.br\/v1\/wp-json\/wp\/v2\/types\/page"}],"author":[{"embeddable":true,"href":"https:\/\/www.cmsoledadedeminas.mg.gov.br\/v1\/wp-json\/wp\/v2\/users\/1"}],"replies":[{"embeddable":true,"href":"https:\/\/www.cmsoledadedeminas.mg.gov.br\/v1\/wp-json\/wp\/v2\/comments?post=2381"}],"version-history":[{"count":4,"href":"https:\/\/www.cmsoledadedeminas.mg.gov.br\/v1\/wp-json\/wp\/v2\/pages\/2381\/revisions"}],"predecessor-version":[{"id":2385,"href":"https:\/\/www.cmsoledadedeminas.mg.gov.br\/v1\/wp-json\/wp\/v2\/pages\/2381\/revisions\/2385"}],"up":[{"embeddable":true,"href":"https:\/\/www.cmsoledadedeminas.mg.gov.br\/v1\/wp-json\/wp\/v2\/pages\/1076"}],"wp:attachment":[{"href":"https:\/\/www.cmsoledadedeminas.mg.gov.br\/v1\/wp-json\/wp\/v2\/media?parent=2381"}],"curies":[{"name":"wp","href":"https:\/\/api.w.org\/{rel}","templated":true}]}}