{"id":2375,"date":"2026-03-06T02:30:17","date_gmt":"2026-03-06T02:30:17","guid":{"rendered":"https:\/\/www.cmsoledadedeminas.mg.gov.br\/v1\/?page_id=2375"},"modified":"2026-03-18T19:00:34","modified_gmt":"2026-03-18T19:00:34","slug":"leis-sancionadas-2023","status":"publish","type":"page","link":"https:\/\/www.cmsoledadedeminas.mg.gov.br\/v1\/documentos\/leis\/leis-sancionadas\/leis-sancionadas-2023\/","title":{"rendered":"Leis Sancionadas &#8211; 2023"},"content":{"rendered":"\t\t<div data-elementor-type=\"wp-page\" data-elementor-id=\"2375\" class=\"elementor elementor-2375\">\n\t\t\t\t\t\t<section class=\"has-el-gap el-gap-default elementor-section elementor-top-section elementor-element elementor-element-1f4b1e84 elementor-section-boxed elementor-section-height-default elementor-section-height-default\" data-id=\"1f4b1e84\" data-element_type=\"section\">\n\t\t\t\t\t\t<div class=\"elementor-container elementor-column-gap-no\">\n\t\t\t\t\t<div class=\"elementor-column elementor-col-100 elementor-top-column elementor-element elementor-element-1469d98b\" data-id=\"1469d98b\" data-element_type=\"column\">\n\t\t\t<div class=\"elementor-widget-wrap elementor-element-populated\">\n\t\t\t\t\t\t<div class=\"elementor-element elementor-element-292cbe17 elementor-widget elementor-widget-smartmag-breadcrumbs\" data-id=\"292cbe17\" data-element_type=\"widget\" data-widget_type=\"smartmag-breadcrumbs.default\">\n\t\t\t\t<div class=\"elementor-widget-container\">\n\t\t\t\t\t<nav class=\"breadcrumbs ts-contain breadcrumbs-a\" id=\"breadcrumb\"><div class=\"inner ts-contain \"><span class=\"current\">Home<\/span><\/div><\/nav>\t\t\t\t<\/div>\n\t\t\t\t<\/div>\n\t\t\t\t\t<\/div>\n\t\t<\/div>\n\t\t\t\t\t<\/div>\n\t\t<\/section>\n\t\t\t\t<section class=\"has-el-gap el-gap-default elementor-section elementor-top-section elementor-element elementor-element-c586d7 elementor-section-boxed elementor-section-height-default elementor-section-height-default\" data-id=\"c586d7\" data-element_type=\"section\">\n\t\t\t\t\t\t<div class=\"elementor-container elementor-column-gap-no\">\n\t\t\t\t\t<div class=\"elementor-column elementor-col-100 elementor-top-column elementor-element elementor-element-1be38a74\" data-id=\"1be38a74\" data-element_type=\"column\">\n\t\t\t<div class=\"elementor-widget-wrap elementor-element-populated\">\n\t\t\t\t\t\t<div class=\"elementor-element elementor-element-7c8b3ef7 elementor-widget elementor-widget-heading\" data-id=\"7c8b3ef7\" data-element_type=\"widget\" data-widget_type=\"heading.default\">\n\t\t\t\t\t<h2 class=\"elementor-heading-title elementor-size-default\">Leis Sancionadas - 2023<\/h2>\t\t\t\t<\/div>\n\t\t\t\t\t<\/div>\n\t\t<\/div>\n\t\t\t\t\t<\/div>\n\t\t<\/section>\n\t\t\t\t<section class=\"has-el-gap el-gap-default elementor-section elementor-top-section elementor-element elementor-element-23cf70e elementor-section-boxed elementor-section-height-default elementor-section-height-default\" data-id=\"23cf70e\" data-element_type=\"section\">\n\t\t\t\t\t\t<div class=\"elementor-container elementor-column-gap-no\">\n\t\t\t\t\t<div class=\"elementor-column elementor-col-100 elementor-top-column elementor-element elementor-element-425751b8\" data-id=\"425751b8\" data-element_type=\"column\">\n\t\t\t<div class=\"elementor-widget-wrap elementor-element-populated\">\n\t\t\t\t\t\t<div class=\"elementor-element elementor-element-20ff435b elementor-widget elementor-widget-spacer\" data-id=\"20ff435b\" data-element_type=\"widget\" data-widget_type=\"spacer.default\">\n\t\t\t\t\t\t\t<div class=\"elementor-spacer\">\n\t\t\t<div class=\"elementor-spacer-inner\"><\/div>\n\t\t<\/div>\n\t\t\t\t\t\t<\/div>\n\t\t\t\t\t<\/div>\n\t\t<\/div>\n\t\t\t\t\t<\/div>\n\t\t<\/section>\n\t\t\t\t<section class=\"has-el-gap el-gap-default elementor-section elementor-top-section elementor-element elementor-element-748721 elementor-section-boxed elementor-section-height-default elementor-section-height-default\" data-id=\"748721\" data-element_type=\"section\">\n\t\t\t\t\t\t<div class=\"elementor-container elementor-column-gap-no\">\n\t\t\t\t\t<div class=\"elementor-column elementor-col-100 elementor-top-column elementor-element elementor-element-dea8e59\" data-id=\"dea8e59\" data-element_type=\"column\">\n\t\t\t<div class=\"elementor-widget-wrap elementor-element-populated\">\n\t\t\t\t\t\t<div class=\"elementor-element elementor-element-4052303c elementor-widget elementor-widget-html\" data-id=\"4052303c\" data-element_type=\"widget\" data-widget_type=\"html.default\">\n\t\t\t\t\t\n<table id=\"tablepress-32\" class=\"tablepress tablepress-id-32\">\n<thead>\n<tr class=\"row-1\">\n\t<th class=\"column-1\">Publica\u00e7\u00e3o<\/th><th class=\"column-2\">Tipo<\/th><th class=\"column-3\">Descri\u00e7\u00e3o<\/th><th class=\"column-4\">Download<\/th>\n<\/tr>\n<\/thead>\n<tbody class=\"row-striping row-hover\">\n<tr class=\"row-2\">\n\t<td class=\"column-1\">25\/09\/2023<\/td><td class=\"column-2\">ORDIN\u00c1RIA<\/td><td class=\"column-3\"><strong>LEI ORDIN\u00c1RIA N\u00b0 1111\/23<\/strong><br \/>\n\"Disp\u00f5e sobre o ensino de no\u00e7\u00f5es b\u00e1sicas da Lei Maria da Penha, no \u00e2mbito das escolas municipais de Soledade de Minas\"<br \/>\n<\/td><td class=\"column-4\"><a href=\"https:\/\/www.cmsoledadedeminas.mg.gov.br\/v1\/wp-content\/uploads\/2026\/03\/LEI-ORDINARIA-1111-2023.pdf\" target=\"_blank\">Download<\/a><\/td>\n<\/tr>\n<tr class=\"row-3\">\n\t<td class=\"column-1\">25\/09\/2023<\/td><td class=\"column-2\">ORDIN\u00c1RIA<\/td><td class=\"column-3\"><strong>LEI ORDIN\u00c1RIA N\u00b0 1110\/23<\/strong><br \/>\n\"Institui a Pol\u00edtica Municipal de Prote\u00e7\u00e3o e Atendimento aos Direitos Animais, cria o Dia dos Animais no \u00e2mbito Municipal e cont\u00e9m outras provid\u00eancias\"<\/td><td class=\"column-4\"><a href=\"https:\/\/www.cmsoledadedeminas.mg.gov.br\/v1\/wp-content\/uploads\/2026\/03\/LEI-ORDINARIA-1110-2023-1.pdf\" target=\"_blank\">Download<\/a><\/td>\n<\/tr>\n<tr class=\"row-4\">\n\t<td class=\"column-1\">25\/09\/2023<\/td><td class=\"column-2\">ORDIN\u00c1RIA<\/td><td class=\"column-3\"><strong>LEI ORDIN\u00c1RIA N\u00b0 1109\/23<\/strong><br \/>\n\"Disp\u00f5e sobre a regulamenta\u00e7\u00e3o da Assist\u00eancia Financeira Complementar repassada pela Uni\u00e3o Federal visando dar cumprimento ao disposto na Lei Federal n\u00ba 14.434, de 4 de agosto de 2022 que instituiu o piso salarial nacional do Enfermeiro, do T\u00e9cnico de Enfermagem, do Auxiliar de Enfermagem e da Parteira\".<\/td><td class=\"column-4\"><a href=\"https:\/\/www.cmsoledadedeminas.mg.gov.br\/v1\/wp-content\/uploads\/2026\/03\/Lei-Ordinaria-1109.2023-1.pdf\" target=\"_blank\">Download<\/a><\/td>\n<\/tr>\n<tr class=\"row-5\">\n\t<td class=\"column-1\">04\/09\/2023<\/td><td class=\"column-2\">ORDIN\u00c1RIA<\/td><td class=\"column-3\"><strong>LEI ORDIN\u00c1RIA N\u00b0 1108\/23<\/strong><br \/>\n\"Revoga a Lei Municipal n\u00ba 1.056\/2021 e disp\u00f5e sobre a inspe\u00e7\u00e3o industrial e sanit\u00e1ria dos produtos de origem animal e institui o Servi\u00e7o de Inspe\u00e7\u00e3o Municipal de Produtos de Origem Animal (SIM\/POA), e d\u00e1 outras provid\u00eancias\"<br \/>\n<\/td><td class=\"column-4\"><a href=\"https:\/\/www.cmsoledadedeminas.mg.gov.br\/v1\/wp-content\/uploads\/2026\/03\/Lei-Ordinaria-1108.2023-compactado-1.pdf\" target=\"_blank\">Download<\/a><\/td>\n<\/tr>\n<tr class=\"row-6\">\n\t<td class=\"column-1\">31\/08\/2023<\/td><td class=\"column-2\">ORDIN\u00c1RIA<\/td><td class=\"column-3\"><strong>LEI ORDIN\u00c1RIA N\u00b0 1107\/23<\/strong><br \/>\nDISP\u00d5E SOBRE A DENOMINA\u00c7\u00c3O DE LOGRADOURO P\u00daBLICO LOCALIZADO NO MUNIC\u00cdPIO DE SOLEDADE DE MINAS.<br \/>\n<\/td><td class=\"column-4\"><a href=\"https:\/\/www.cmsoledadedeminas.mg.gov.br\/v1\/wp-content\/uploads\/2026\/03\/Lei-Ordinaria-1107.2023-1.pdf\" target=\"_blank\">Download<\/a><\/td>\n<\/tr>\n<tr class=\"row-7\">\n\t<td class=\"column-1\">20\/07\/2023<\/td><td class=\"column-2\">ORDIN\u00c1RIA<\/td><td class=\"column-3\"><strong>LEI ORDIN\u00c1RIA N\u00b0 1106\/23<\/strong><br \/>\n\"Disp\u00f5e sobre as diretrizes or\u00e7ament\u00e1rias para o exercicio financeiro de 2024 e d\u00e1 outras provid\u00eancias\"<br \/>\n<\/td><td class=\"column-4\"><a href=\"https:\/\/www.cmsoledadedeminas.mg.gov.br\/v1\/wp-content\/uploads\/2026\/03\/Lei-Ordinaria-1106.2023-Anexos-zip-1.png\" target=\"_blank\">Anexo 1<\/a><br \/>\n<a href=\"https:\/\/www.cmsoledadedeminas.mg.gov.br\/v1\/wp-content\/uploads\/2026\/03\/Lei-Ordinaria-1106.2023-Anexos-1.pdf\" target=\"_blank\">Anexo 2<\/a><br \/>\n<a href=\"https:\/\/www.cmsoledadedeminas.mg.gov.br\/v1\/wp-content\/uploads\/2026\/03\/Lei-Ordinaria-1106.2023-zip-1.png\" target=\"_blank\">Anexo 3<\/a><\/td>\n<\/tr>\n<tr class=\"row-8\">\n\t<td class=\"column-1\">05\/07\/2023<\/td><td class=\"column-2\">ORDIN\u00c1RIA<\/td><td class=\"column-3\"><strong>LEI ORDIN\u00c1RIA N\u00b0 1105\/23<\/strong><br \/>\n\"Disp\u00f5e sobre a autoriza\u00e7\u00e3o para o Munic\u00edpio de Soledade de Minas adquirir insumo pecu\u00e1rio, para fins de premia\u00e7\u00e3o durante as festividades da XXIX EPROSOL 2023 e d\u00e1 outras provid\u00eancias.\"<br \/>\n<\/td><td class=\"column-4\"><a href=\"https:\/\/www.cmsoledadedeminas.mg.gov.br\/v1\/wp-content\/uploads\/2026\/03\/Lei-Ordinaria-1105.2023-1.pdf\" target=\"_blank\">Download<\/a><\/td>\n<\/tr>\n<tr class=\"row-9\">\n\t<td class=\"column-1\">16\/05\/2023<\/td><td class=\"column-2\">ORDIN\u00c1RIA<\/td><td class=\"column-3\"><strong>LEI ORDIN\u00c1RIA N\u00b0 1101\/23<\/strong><br \/>\n\"Disp\u00f5e sobre o reajuste salarial dos Profissionais do Magist\u00e9rio P\u00fablico Municipal e cont\u00e9m outras provid\u00eancias\".<br \/>\n<br \/>\n<\/td><td class=\"column-4\"><a href=\"https:\/\/www.cmsoledadedeminas.mg.gov.br\/v1\/wp-content\/uploads\/2026\/03\/Lei-Ordinaria-1104.2023-1.pdf\" target=\"_blank\">Download<\/a><\/td>\n<\/tr>\n<tr class=\"row-10\">\n\t<td class=\"column-1\">04\/05\/2023<\/td><td class=\"column-2\">ORDIN\u00c1RIA<\/td><td class=\"column-3\"><strong>PROJETO DE LEI ORDIN\u00c1RIA N\u00b0 1103\/23<\/strong><br \/>\n\"Disp\u00f5e sobre o reajuste salarial dos Agentes Comunit\u00e1rios de Sa\u00fade e dos Agentes de Combate \u00e0s Endemias do Munic\u00edpio de Soledade de Minas\/MG e cont\u00e9m outras provid\u00eancias\".<br \/>\n<br \/>\n<\/td><td class=\"column-4\"><a href=\"https:\/\/www.cmsoledadedeminas.mg.gov.br\/v1\/wp-content\/uploads\/2026\/03\/Lei-Ordinaria-1103.2023-1.pdf\" target=\"_blank\">Download<\/a><\/td>\n<\/tr>\n<tr class=\"row-11\">\n\t<td class=\"column-1\">26\/04\/2023<\/td><td class=\"column-2\">ORDIN\u00c1RIA<\/td><td class=\"column-3\"><strong>LEI ORDIN\u00c1RIA N\u00b0 1101\/23<\/strong><br \/>\nDISP\u00d5E SOBRE A RECOMPOSI\u00c7\u00c3O DOS SUBS\u00cdDIOS DOS AGENTES POL\u00cdTICOS DE SOLEDADE DE MINAS E CONT\u00c9M OUTRAS PROVID\u00caNCIAS.<br \/>\n<br \/>\n<\/td><td class=\"column-4\"><a href=\"https:\/\/www.cmsoledadedeminas.mg.gov.br\/v1\/wp-content\/uploads\/2026\/03\/Lei-Ordinaria-1101.2023-1.pdf\" target=\"_blank\">Download<\/a><\/td>\n<\/tr>\n<tr class=\"row-12\">\n\t<td class=\"column-1\">27\/03\/2023<\/td><td class=\"column-2\">ORDIN\u00c1RIA<\/td><td class=\"column-3\"><strong>LEI ORDIN\u00c1RIA N\u00b0 1099\/23<\/strong><br \/>\n\"Autoriza a concess\u00e3o de subven\u00e7\u00f5es sociais e contribui\u00e7\u00f5es correntes no exercicio de 2023 e cont\u00e9m outras provid\u00eancias\".<br \/>\n<br \/>\n<\/td><td class=\"column-4\"><a href=\"https:\/\/www.cmsoledadedeminas.mg.gov.br\/v1\/wp-content\/uploads\/2026\/03\/Lei-Ordinaria-1099.2023-1.pdf\" target=\"_blank\">Download<\/a><\/td>\n<\/tr>\n<tr class=\"row-13\">\n\t<td class=\"column-1\">27\/03\/2023<\/td><td class=\"column-2\">ORDIN\u00c1RIA<\/td><td class=\"column-3\"><strong>LEI ORDIN\u00c1RIA N\u00b0 1098\/23<\/strong><br \/>\nFIXA O PERCENTUAL DE GRATIFICA\u00c7\u00c3O AOS SEVIDORES INTEGRANTES DAS COMISS\u00d5ES PERMANENTES DA C\u00c2MARA MUNICIPAL DE SOLEDADE DE MINAS E CONT\u00c9M OUTRAS PROVID\u00caNCIAS.<br \/>\n<br \/>\n<\/td><td class=\"column-4\"><a href=\"https:\/\/www.cmsoledadedeminas.mg.gov.br\/v1\/wp-content\/uploads\/2026\/03\/Lei-Ordinaria-1098.2023-1.pdf\" target=\"_blank\">Download<\/a><\/td>\n<\/tr>\n<tr class=\"row-14\">\n\t<td class=\"column-1\">23\/02\/2023<\/td><td class=\"column-2\">ORDIN\u00c1RIA<\/td><td class=\"column-3\"><strong>LEI ORDIN\u00c1RIA N\u00b0 1095\/23<\/strong><br \/>\n\"Disp\u00f5e sobre o reajuste salarial dos Servidores P\u00fablicos Municipais ativos e inativos e cont\u00e9m outras provid\u00eancias\".<br \/>\n<\/td><td class=\"column-4\"><a href=\"https:\/\/www.cmsoledadedeminas.mg.gov.br\/v1\/wp-content\/uploads\/2026\/03\/Lei-Ordinaria-1095.2023-1.pdf\" target=\"_blank\">Download<\/a><\/td>\n<\/tr>\n<tr class=\"row-15\">\n\t<td class=\"column-1\">08\/03\/2023<\/td><td class=\"column-2\">ORDIN\u00c1RIA<\/td><td class=\"column-3\"><strong>LEI ORDIN\u00c1RIA N\u00b0 1069\/23<\/strong><br \/>\nDISP\u00d5E SOBRE O REAJUSTE SALARIAL DOS SERVIDORES DO PODER LEGISLATIVO E CONT\u00c9M OUTRAS PROVID\u00caNCIAS.<br \/>\n<\/td><td class=\"column-4\"><a href=\"https:\/\/www.cmsoledadedeminas.mg.gov.br\/v1\/wp-content\/uploads\/2026\/03\/Lei-Ordinaria-1069.2023-1.pdf\" target=\"_blank\">Download<\/a><\/td>\n<\/tr>\n<tr class=\"row-16\">\n\t<td class=\"column-1\">23\/02\/2023<\/td><td class=\"column-2\">ORDIN\u00c1RIA<\/td><td class=\"column-3\"><strong>LEI ORDIN\u00c1RIA N\u00b0 1059\/23<\/strong><br \/>\n\"Disp\u00f5e sobre o reajuste salarial dos Servidores P\u00fablicos Municipais ativos e inativos e cont\u00e9m outras provid\u00eancias\".<\/td><td class=\"column-4\"><a href=\"https:\/\/www.cmsoledadedeminas.mg.gov.br\/v1\/wp-content\/uploads\/2026\/03\/Lei-Ordinaria-1059.2023-1.pdf\" target=\"_blank\">Download<\/a><\/td>\n<\/tr>\n<tr class=\"row-17\">\n\t<td class=\"column-1\">17\/03\/2023<\/td><td class=\"column-2\">ORDIN\u00c1RIA<\/td><td class=\"column-3\"><strong>LEI ORDIN\u00c1RIA N\u00b0 1097\/23<\/strong><br \/>\nDISP\u00d5E SOBRE A NOMEA\u00c7\u00c3O DE LOGRADOURO LOCALIZADO NO P\u00daBLICO MUNIC\u00cdPIO DE SOLEDADE DE MINAS.<\/td><td class=\"column-4\"><a href=\"https:\/\/www.cmsoledadedeminas.mg.gov.br\/v1\/wp-content\/uploads\/2026\/03\/Lei-Ordinaria-1097.2023-1.pdf\" target=\"_blank\">Download<\/a><\/td>\n<\/tr>\n<tr class=\"row-18\">\n\t<td class=\"column-1\">25\/09\/2023<\/td><td class=\"column-2\">COMPLEMENTAR<\/td><td class=\"column-3\"><strong>LEI COMPLEMENTAR N\u00b0 91\/23<\/strong><br \/>\n\"Disp\u00f5e sobre a autoriza\u00e7\u00e3o para conceder parcelamento especial a contribuintes com d\u00e9bito inscrito em divida ativa do Munic\u00edpio e d\u00e1 outras provid\u00eancias\u201d.<\/td><td class=\"column-4\"><a href=\"https:\/\/www.cmsoledadedeminas.mg.gov.br\/v1\/wp-content\/uploads\/2026\/03\/Lei-Complementar-91.2023-1.pdf\" target=\"_blank\">Download<\/a><\/td>\n<\/tr>\n<tr class=\"row-19\">\n\t<td class=\"column-1\">07\/06\/2023<\/td><td class=\"column-2\">COMPLEMENTAR<\/td><td class=\"column-3\"><strong>LEI COMPLEMENTAR N\u00b0 90\/23<\/strong><br \/>\nALTERA A LEI COMPLEMENTAR MUNICIPAL N\u00b0 80\/2019, MODIFICA OS VENCIMENTOS DO CARGO ASSESSOR LEGISLATIVO E CONT\u00c9M OUTRAS PROVID\u00caNCIAS.<\/td><td class=\"column-4\"><a href=\"https:\/\/www.cmsoledadedeminas.mg.gov.br\/v1\/wp-content\/uploads\/2026\/03\/Lei-Complementar-90.2023-1.pdf\" target=\"_blank\">Download<\/a><\/td>\n<\/tr>\n<tr class=\"row-20\">\n\t<td class=\"column-1\">16\/05\/2023<\/td><td class=\"column-2\">COMPLEMENTAR<\/td><td class=\"column-3\"><strong>LEI COMPLEMENTAR N\u00b0 89\/23<\/strong><br \/>\n\"Disp\u00f5e sobre a autoriza\u00e7\u00e3o para conceder parcelamento especial a contribuintes com d\u00e9bito inscrito em divida ativa do Municipio e d\u00e1 outras provid\u00eancias\"<\/td><td class=\"column-4\"><a href=\"https:\/\/www.cmsoledadedeminas.mg.gov.br\/v1\/wp-content\/uploads\/2026\/03\/Lei-Complementar-89.2023-1.pdf\" target=\"_blank\">Download<\/a><\/td>\n<\/tr>\n<\/tbody>\n<\/table>\n<!-- #tablepress-32 from cache -->\t\t\t\t<\/div>\n\t\t\t\t\t<\/div>\n\t\t<\/div>\n\t\t\t\t\t<\/div>\n\t\t<\/section>\n\t\t\t\t<\/div>\n\t\t","protected":false},"excerpt":{"rendered":"<p>Home Leis Sancionadas &#8211; 2023<\/p>\n","protected":false},"author":1,"featured_media":0,"parent":1076,"menu_order":0,"comment_status":"closed","ping_status":"closed","template":"page-templates\/no-wrapper.php","meta":{"footnotes":""},"class_list":["post-2375","page","type-page","status-publish"],"_links":{"self":[{"href":"https:\/\/www.cmsoledadedeminas.mg.gov.br\/v1\/wp-json\/wp\/v2\/pages\/2375","targetHints":{"allow":["GET"]}}],"collection":[{"href":"https:\/\/www.cmsoledadedeminas.mg.gov.br\/v1\/wp-json\/wp\/v2\/pages"}],"about":[{"href":"https:\/\/www.cmsoledadedeminas.mg.gov.br\/v1\/wp-json\/wp\/v2\/types\/page"}],"author":[{"embeddable":true,"href":"https:\/\/www.cmsoledadedeminas.mg.gov.br\/v1\/wp-json\/wp\/v2\/users\/1"}],"replies":[{"embeddable":true,"href":"https:\/\/www.cmsoledadedeminas.mg.gov.br\/v1\/wp-json\/wp\/v2\/comments?post=2375"}],"version-history":[{"count":5,"href":"https:\/\/www.cmsoledadedeminas.mg.gov.br\/v1\/wp-json\/wp\/v2\/pages\/2375\/revisions"}],"predecessor-version":[{"id":2884,"href":"https:\/\/www.cmsoledadedeminas.mg.gov.br\/v1\/wp-json\/wp\/v2\/pages\/2375\/revisions\/2884"}],"up":[{"embeddable":true,"href":"https:\/\/www.cmsoledadedeminas.mg.gov.br\/v1\/wp-json\/wp\/v2\/pages\/1076"}],"wp:attachment":[{"href":"https:\/\/www.cmsoledadedeminas.mg.gov.br\/v1\/wp-json\/wp\/v2\/media?parent=2375"}],"curies":[{"name":"wp","href":"https:\/\/api.w.org\/{rel}","templated":true}]}}